{"id":97237,"date":"2024-04-28T17:18:31","date_gmt":"2024-04-28T14:18:31","guid":{"rendered":"https:\/\/www.remgo.com\/11\/?page_id=97237"},"modified":"2025-11-13T12:45:10","modified_gmt":"2025-11-13T09:45:10","slug":"radikal","status":"publish","type":"page","link":"https:\/\/www.remgo.com\/11\/gazete-arsivi\/radikal\/","title":{"rendered":"Remzi G\u00f6kda\u011f &#8211; Radikal Gazetesi Haber Ar\u015fivi"},"content":{"rendered":"\t\t<div data-elementor-type=\"wp-page\" data-elementor-id=\"97237\" class=\"elementor elementor-97237\" data-elementor-post-type=\"page\">\n\t\t\t\t\t\t<section class=\"elementor-section elementor-top-section elementor-element elementor-element-6361c1f1 elementor-section-boxed elementor-section-height-default elementor-section-height-default\" data-id=\"6361c1f1\" data-element_type=\"section\" data-e-type=\"section\">\n\t\t\t\t\t\t<div class=\"elementor-container elementor-column-gap-default\">\n\t\t\t\t\t<div class=\"elementor-column elementor-col-100 elementor-top-column elementor-element elementor-element-1896747a\" data-id=\"1896747a\" data-element_type=\"column\" data-e-type=\"column\">\n\t\t\t<div class=\"elementor-widget-wrap elementor-element-populated\">\n\t\t\t\t\t\t<div class=\"elementor-element elementor-element-2c5df613 elementor-widget elementor-widget-spacer\" data-id=\"2c5df613\" data-element_type=\"widget\" data-e-type=\"widget\" data-widget_type=\"spacer.default\">\n\t\t\t\t<div class=\"elementor-widget-container\">\n\t\t\t\t\t\t\t<div class=\"elementor-spacer\">\n\t\t\t<div class=\"elementor-spacer-inner\"><\/div>\n\t\t<\/div>\n\t\t\t\t\t\t<\/div>\n\t\t\t\t<\/div>\n\t\t\t\t\t<\/div>\n\t\t<\/div>\n\t\t\t\t\t<\/div>\n\t\t<\/section>\n\t\t\t\t<section class=\"elementor-section elementor-top-section elementor-element elementor-element-6fc6425 elementor-section-boxed elementor-section-height-default elementor-section-height-default\" data-id=\"6fc6425\" data-element_type=\"section\" data-e-type=\"section\">\n\t\t\t\t\t\t<div class=\"elementor-container elementor-column-gap-default\">\n\t\t\t\t\t<div class=\"elementor-column elementor-col-100 elementor-top-column elementor-element elementor-element-fb2e88e\" data-id=\"fb2e88e\" data-element_type=\"column\" data-e-type=\"column\">\n\t\t\t<div class=\"elementor-widget-wrap elementor-element-populated\">\n\t\t\t\t\t\t<div class=\"elementor-element elementor-element-5151378 elementor-widget elementor-widget-text-editor\" data-id=\"5151378\" data-element_type=\"widget\" data-e-type=\"widget\" data-widget_type=\"text-editor.default\">\n\t\t\t\t<div class=\"elementor-widget-container\">\n\t\t\t\t\t\t\t\t\t<p>Radikal Gazetesi\u2019ndeki g\u00f6revim farkl\u0131 bir deneyimdi. 1998\u2019de Moskova\u2019dayken d\u0131\u015f haberler servisinde Rusya ile ilgili haberler yazd\u0131m. ABD\u2019ye ta\u015f\u0131nd\u0131ktan sonra da gazeteyle ba\u011f\u0131m\u0131 koparmad\u0131m ve 2005\u2019e kadar oradan haberler g\u00f6ndermeye devam ettim. Gazetecilik yolculu\u011fumun farkl\u0131 bir deneyimiydi. Bu haberler farkl\u0131 co\u011frafyalarda bir d\u00f6neme tan\u0131kl\u0131k etti.<\/p>\t\t\t\t\t\t\t\t<\/div>\n\t\t\t\t<\/div>\n\t\t\t\t\t<\/div>\n\t\t<\/div>\n\t\t\t\t\t<\/div>\n\t\t<\/section>\n\t\t\t\t<section class=\"elementor-section elementor-top-section elementor-element elementor-element-fd8b14f elementor-section-full_width elementor-section-height-default elementor-section-height-default\" data-id=\"fd8b14f\" data-element_type=\"section\" data-e-type=\"section\">\n\t\t\t\t\t\t<div class=\"elementor-container elementor-column-gap-default\">\n\t\t\t\t\t<div class=\"elementor-column elementor-col-100 elementor-top-column elementor-element elementor-element-b1df559\" data-id=\"b1df559\" data-element_type=\"column\" data-e-type=\"column\">\n\t\t\t<div class=\"elementor-widget-wrap elementor-element-populated\">\n\t\t\t\t\t\t<div class=\"elementor-element elementor-element-0482a36 elementor-widget-divider--view-line_text elementor-widget-divider--element-align-left elementor-widget-divider--separator-type-pattern elementor-widget elementor-widget-divider\" data-id=\"0482a36\" data-element_type=\"widget\" data-e-type=\"widget\" data-widget_type=\"divider.default\">\n\t\t\t\t<div class=\"elementor-widget-container\">\n\t\t\t\t\t\t\t<div class=\"elementor-divider\" style=\"--divider-pattern-url: url(&quot;data:image\/svg+xml,%3Csvg xmlns=&#039;http:\/\/www.w3.org\/2000\/svg&#039; preserveAspectRatio=&#039;none&#039; overflow=&#039;visible&#039; height=&#039;100%&#039; viewBox=&#039;0 0 20 16&#039; fill=&#039;none&#039; stroke=&#039;black&#039; stroke-width=&#039;1&#039; stroke-linecap=&#039;square&#039; stroke-miterlimit=&#039;10&#039;%3E%3Cg transform=&#039;translate(-12.000000, 0)&#039;%3E%3Cpath d=&#039;M28,0L10,18&#039;\/%3E%3Cpath d=&#039;M18,0L0,18&#039;\/%3E%3Cpath d=&#039;M48,0L30,18&#039;\/%3E%3Cpath d=&#039;M38,0L20,18&#039;\/%3E%3C\/g%3E%3C\/svg%3E&quot;);\">\n\t\t\t<span class=\"elementor-divider-separator\">\n\t\t\t\t\t\t\t<span class=\"elementor-divider__text elementor-divider__element\">\n\t\t\t\tRAD\u0130KAL GAZETES\u0130 ABD HABER AR\u015e\u0130V\u0130\t\t\t\t<\/span>\n\t\t\t\t\t\t<\/span>\n\t\t<\/div>\n\t\t\t\t\t\t<\/div>\n\t\t\t\t<\/div>\n\t\t\t\t\t<\/div>\n\t\t<\/div>\n\t\t\t\t\t<\/div>\n\t\t<\/section>\n\t\t\t\t<section class=\"elementor-section elementor-top-section elementor-element elementor-element-2ee3815e elementor-section-boxed elementor-section-height-default elementor-section-height-default\" data-id=\"2ee3815e\" data-element_type=\"section\" data-e-type=\"section\">\n\t\t\t\t\t\t<div class=\"elementor-container elementor-column-gap-default\">\n\t\t\t\t\t<div class=\"elementor-column elementor-col-100 elementor-top-column elementor-element elementor-element-3909b0b7\" data-id=\"3909b0b7\" data-element_type=\"column\" data-e-type=\"column\">\n\t\t\t<div class=\"elementor-widget-wrap elementor-element-populated\">\n\t\t\t\t\t\t<div class=\"elementor-element elementor-element-5de3e38f align-left pagination-align-center elementor-widget elementor-widget-post-grid\" data-id=\"5de3e38f\" data-element_type=\"widget\" data-e-type=\"widget\" data-widget_type=\"post-grid.default\">\n\t\t\t\t<div class=\"elementor-widget-container\">\n\t\t\t\t\t\r\n<div class=\"blog-container blog-container-grid blog-container-has-border\">\r\n    \r\n    <div class=\"wi-blog fox-blog blog-grid fox-grid blog-card-no-shadow blog-card-normal column-3 spacing-predefined spacing-small\">\r\n    \r\n    \r\n<article class=\"wi-post post-item post-grid fox-grid-item style-title-hover-none post-100237 post type-post status-publish format-standard has-post-thumbnail hentry category-radikal-moskova tag-moskova\" itemscope itemtype=\"https:\/\/schema.org\/CreativeWork\">\r\n\r\n    <div class=\"post-item-inner grid-inner post-grid-inner\">\r\n\r\n            \r\n<figure class=\"wi-thumbnail fox-thumbnail post-item-thumbnail fox-figure grid-thumbnail thumbnail-acute ratio-landscape hover-none\" itemscope itemtype=\"https:\/\/schema.org\/ImageObject\">\r\n    \r\n    <div class=\"thumbnail-inner\">\r\n    \r\n                \r\n        <a href=\"https:\/\/www.remgo.com\/11\/programli-darbe-tehdidi\/\" class=\"post-link\">\r\n            \r\n        \r\n            <span class=\"image-element\">\r\n\r\n                <img wpfc-lazyload-disable=\"true\" loading=\"lazy\" decoding=\"async\" width=\"480\" height=\"384\" src=\"https:\/\/www.remgo.com\/11\/wp-content\/uploads\/2017\/05\/radikal-480x384.jpg\" class=\"attachment-thumbnail-medium size-thumbnail-medium\" alt=\"Radikal Gazetesi Haber Ar\u015fivi\" wpfc-lazyload-disable=\"true\" title=\"\">\r\n            <\/span><!-- .image-element -->\r\n\r\n            \r\n            \r\n                    \r\n        <\/a>\r\n        \r\n                \r\n    <\/div><!-- .thumbnail-inner -->\r\n    \r\n    \r\n<\/figure><!-- .fox-thumbnail -->\r\n\r\n\r\n<div class=\"post-body post-item-body grid-body post-grid-body\">\r\n    <div class=\"post-body-inner\">\r\n        <div class=\"post-item-header\">    <h2 class=\"title56 component56 size-normal\">\n        <a href=\"https:\/\/www.remgo.com\/11\/programli-darbe-tehdidi\/\">\n            Programl\u0131 darbe tehdidi        <\/a>\n    <\/h2>\n    <\/div>    <div class=\"excerpt56 component56 excerpt-size-normal\">\n        Rusya 1993\u2019ten bu yana ilk kez darbe s\u00f6ylentileriyle \u00e7alkalan\u0131yor. Devlet Ba\u015fkan\u0131 Boris Yeltsin\u2019e kar\u015f\u0131 baz\u0131 g\u00fc\u00e7lerin gizli bir \u00e7al\u0131\u015fma i\u00e7inde olduklar\u0131n\u0131n a\u00e7\u0131klanmas\u0131,&hellip;    <\/div>\n        <\/div>\r\n<\/div><!-- .post-item-body -->\r\n\r\n\r\n    <\/div><!-- .post-item-inner -->\r\n\r\n<\/article><!-- .post-item -->\r\n<article class=\"wi-post post-item post-grid fox-grid-item style-title-hover-none post-100239 post type-post status-publish format-standard has-post-thumbnail hentry category-radikal-moskova tag-moskova\" itemscope itemtype=\"https:\/\/schema.org\/CreativeWork\">\r\n\r\n    <div class=\"post-item-inner grid-inner post-grid-inner\">\r\n\r\n            \r\n<figure class=\"wi-thumbnail fox-thumbnail post-item-thumbnail fox-figure grid-thumbnail thumbnail-acute ratio-landscape hover-none\" itemscope itemtype=\"https:\/\/schema.org\/ImageObject\">\r\n    \r\n    <div class=\"thumbnail-inner\">\r\n    \r\n                \r\n        <a href=\"https:\/\/www.remgo.com\/11\/rusyada-gizli-devaluasyon\/\" class=\"post-link\">\r\n            \r\n        \r\n            <span class=\"image-element\">\r\n\r\n                <img wpfc-lazyload-disable=\"true\" loading=\"lazy\" decoding=\"async\" width=\"480\" height=\"384\" src=\"https:\/\/www.remgo.com\/11\/wp-content\/uploads\/2017\/05\/radikal-480x384.jpg\" class=\"attachment-thumbnail-medium size-thumbnail-medium\" alt=\"Radikal Gazetesi Haber Ar\u015fivi\" wpfc-lazyload-disable=\"true\" title=\"\">\r\n            <\/span><!-- .image-element -->\r\n\r\n            \r\n            \r\n                    \r\n        <\/a>\r\n        \r\n                \r\n    <\/div><!-- .thumbnail-inner -->\r\n    \r\n    \r\n<\/figure><!-- .fox-thumbnail -->\r\n\r\n\r\n<div class=\"post-body post-item-body grid-body post-grid-body\">\r\n    <div class=\"post-body-inner\">\r\n        <div class=\"post-item-header\">    <h2 class=\"title56 component56 size-normal\">\n        <a href=\"https:\/\/www.remgo.com\/11\/rusyada-gizli-devaluasyon\/\">\n            Rusya\u2019da gizli deval\u00fcasyon        <\/a>\n    <\/h2>\n    <\/div>    <div class=\"excerpt56 component56 excerpt-size-normal\">\n        MOSKOVA \u2013 Rusya\u2019y\u0131 bir s\u00fcredir etkileyen, ekonomik kriz d\u00fcn Rusya Merkez Bankas\u0131\u2019n\u0131n ald\u0131\u011f\u0131 bir dizi kararla daha da b\u00fcy\u00fcd\u00fc. Merkez Bankas\u0131\u2019ndan sabah&hellip;    <\/div>\n        <\/div>\r\n<\/div><!-- .post-item-body -->\r\n\r\n\r\n    <\/div><!-- .post-item-inner -->\r\n\r\n<\/article><!-- .post-item -->\r\n<article class=\"wi-post post-item post-grid fox-grid-item style-title-hover-none post-100241 post type-post status-publish format-standard has-post-thumbnail hentry category-radikal-moskova tag-moskova\" itemscope itemtype=\"https:\/\/schema.org\/CreativeWork\">\r\n\r\n    <div class=\"post-item-inner grid-inner post-grid-inner\">\r\n\r\n            \r\n<figure class=\"wi-thumbnail fox-thumbnail post-item-thumbnail fox-figure grid-thumbnail thumbnail-acute ratio-landscape hover-none\" itemscope itemtype=\"https:\/\/schema.org\/ImageObject\">\r\n    \r\n    <div class=\"thumbnail-inner\">\r\n    \r\n                \r\n        <a href=\"https:\/\/www.remgo.com\/11\/rusya-karanliga-gomuldu\/\" class=\"post-link\">\r\n            \r\n        \r\n            <span class=\"image-element\">\r\n\r\n                <img wpfc-lazyload-disable=\"true\" loading=\"lazy\" decoding=\"async\" width=\"480\" height=\"384\" src=\"https:\/\/www.remgo.com\/11\/wp-content\/uploads\/2017\/05\/radikal-480x384.jpg\" class=\"attachment-thumbnail-medium size-thumbnail-medium\" alt=\"Radikal Gazetesi Haber Ar\u015fivi\" wpfc-lazyload-disable=\"true\" title=\"\">\r\n            <\/span><!-- .image-element -->\r\n\r\n            \r\n            \r\n                    \r\n        <\/a>\r\n        \r\n                \r\n    <\/div><!-- .thumbnail-inner -->\r\n    \r\n    \r\n<\/figure><!-- .fox-thumbnail -->\r\n\r\n\r\n<div class=\"post-body post-item-body grid-body post-grid-body\">\r\n    <div class=\"post-body-inner\">\r\n        <div class=\"post-item-header\">    <h2 class=\"title56 component56 size-normal\">\n        <a href=\"https:\/\/www.remgo.com\/11\/rusya-karanliga-gomuldu\/\">\n            Rusya karanl\u0131\u011fa g\u00f6m\u00fcld\u00fc        <\/a>\n    <\/h2>\n    <\/div>    <div class=\"excerpt56 component56 excerpt-size-normal\">\n        Rusya parlamentosu, \u00fclkenin siyasi ve ekonomik \u00e7\u00f6k\u00fc\u015f\u00fcn e\u015fi\u011finde oldu\u011fu yolundaki uyar\u0131lara kar\u015f\u0131n, Devlet Ba\u015fkan\u0131 Boris Yeltsin\u2019in ba\u015fbakan olarak atad\u0131\u011f\u0131 Viktor \u00c7ernom\u0131rdin\u2019e g\u00fcvenoyu&hellip;    <\/div>\n        <\/div>\r\n<\/div><!-- .post-item-body -->\r\n\r\n\r\n    <\/div><!-- .post-item-inner -->\r\n\r\n<\/article><!-- .post-item -->        \r\n    \r\n    <div class=\"fox-grid grid-lines column-3\">\r\n\r\n                <div class=\"grid-line fox-grid-item\">\r\n            <div class=\"grid-line-inner\"><\/div>\r\n        <\/div>\r\n                <div class=\"grid-line fox-grid-item\">\r\n            <div class=\"grid-line-inner\"><\/div>\r\n        <\/div>\r\n                <div class=\"grid-line fox-grid-item\">\r\n            <div class=\"grid-line-inner\"><\/div>\r\n        <\/div>\r\n        \r\n    <\/div><!-- .grid-lines -->\r\n\r\n        \r\n    <\/div><!-- .fox-blog -->\r\n    \r\n        \r\n<\/div><!-- .fox-blog-container -->\r\n\r\n    \t\t\t\t<\/div>\n\t\t\t\t<\/div>\n\t\t\t\t\t<\/div>\n\t\t<\/div>\n\t\t\t\t\t<\/div>\n\t\t<\/section>\n\t\t\t\t<section class=\"elementor-section elementor-top-section elementor-element elementor-element-2c7d8566 elementor-section-boxed elementor-section-height-default elementor-section-height-default\" data-id=\"2c7d8566\" data-element_type=\"section\" data-e-type=\"section\">\n\t\t\t\t\t\t<div class=\"elementor-container elementor-column-gap-default\">\n\t\t\t\t\t<div class=\"elementor-column elementor-col-100 elementor-top-column elementor-element elementor-element-75f9e8b6\" data-id=\"75f9e8b6\" data-element_type=\"column\" data-e-type=\"column\">\n\t\t\t<div class=\"elementor-widget-wrap elementor-element-populated\">\n\t\t\t\t\t\t<div class=\"elementor-element elementor-element-1ef94840 elementor-widget-divider--view-line_text elementor-widget-divider--element-align-center elementor-widget elementor-widget-divider\" data-id=\"1ef94840\" data-element_type=\"widget\" data-e-type=\"widget\" data-widget_type=\"divider.default\">\n\t\t\t\t<div class=\"elementor-widget-container\">\n\t\t\t\t\t\t\t<div class=\"elementor-divider\">\n\t\t\t<span class=\"elementor-divider-separator\">\n\t\t\t\t\t\t\t<span class=\"elementor-divider__text elementor-divider__element\">\n\t\t\t\tD\u0130\u011eER YAZILARIM\t\t\t\t<\/span>\n\t\t\t\t\t\t<\/span>\n\t\t<\/div>\n\t\t\t\t\t\t<\/div>\n\t\t\t\t<\/div>\n\t\t\t\t\t<\/div>\n\t\t<\/div>\n\t\t\t\t\t<\/div>\n\t\t<\/section>\n\t\t\t\t<section class=\"elementor-section elementor-top-section elementor-element elementor-element-5a16484c elementor-section-boxed elementor-section-height-default elementor-section-height-default\" data-id=\"5a16484c\" data-element_type=\"section\" data-e-type=\"section\">\n\t\t\t\t\t\t<div class=\"elementor-container elementor-column-gap-default\">\n\t\t\t\t\t<div class=\"elementor-column elementor-col-100 elementor-top-column elementor-element elementor-element-425ce9a3\" data-id=\"425ce9a3\" data-element_type=\"column\" data-e-type=\"column\">\n\t\t\t<div class=\"elementor-widget-wrap elementor-element-populated\">\n\t\t\t\t\t\t<div class=\"elementor-element elementor-element-3b4f5daa align-left pagination-align-center elementor-widget elementor-widget-post-grid\" data-id=\"3b4f5daa\" data-element_type=\"widget\" data-e-type=\"widget\" data-widget_type=\"post-grid.default\">\n\t\t\t\t<div class=\"elementor-widget-container\">\n\t\t\t\t\t\r\n<div class=\"blog-container blog-container-grid\">\r\n    \r\n    <div class=\"wi-blog fox-blog blog-grid fox-grid blog-card-has-shadow column-3 spacing-predefined spacing-small\">\r\n    \r\n    \r\n<article class=\"wi-post post-item post-grid fox-grid-item style-title-hover-none post-100243 post type-post status-publish format-standard has-post-thumbnail hentry category-radikal-moskova tag-moskova\" itemscope itemtype=\"https:\/\/schema.org\/CreativeWork\">\r\n\r\n    <div class=\"post-item-inner grid-inner post-grid-inner\">\r\n\r\n        \r\n<div class=\"post-body post-item-body grid-body post-grid-body\">\r\n    <div class=\"post-body-inner\">\r\n        <div class=\"post-item-header\">    <h2 class=\"title56 component56 size-normal\">\n        <a href=\"https:\/\/www.remgo.com\/11\/ic-savas-korkusu\/\">\n            \u0130\u00e7 sava\u015f korkusu        <\/a>\n    <\/h2>\n    <\/div>    <div class=\"excerpt56 component56 excerpt-size-normal\">\n        \u0130\u00e7 sava\u015f korkusunun t\u0131rmand\u0131\u011f\u0131 Rusya\u2019da Devlet Ba\u015fkan\u0131 Boris Yeltsin ile kom\u00fcnistlerin \u00e7o\u011funlukta oldu\u011fu parlamentonun alt kanad\u0131 Duma aras\u0131ndaki gerginlik t\u0131rman\u0131yor. Daha \u00f6nce&hellip;    <\/div>\n        <\/div>\r\n<\/div><!-- .post-item-body -->\r\n\r\n\r\n    <\/div><!-- .post-item-inner -->\r\n\r\n<\/article><!-- .post-item -->\r\n<article class=\"wi-post post-item post-grid fox-grid-item style-title-hover-none post-100245 post type-post status-publish format-standard hentry category-radikal-moskova tag-moskova\" itemscope itemtype=\"https:\/\/schema.org\/CreativeWork\">\r\n\r\n    <div class=\"post-item-inner grid-inner post-grid-inner\">\r\n\r\n        \r\n<div class=\"post-body post-item-body grid-body post-grid-body\">\r\n    <div class=\"post-body-inner\">\r\n        <div class=\"post-item-header\">    <h2 class=\"title56 component56 size-normal\">\n        <a href=\"https:\/\/www.remgo.com\/11\/rusyada-soluklar-tutuldu\/\">\n            Rusya\u2019da soluklar tutuldu        <\/a>\n    <\/h2>\n    <\/div>    <div class=\"excerpt56 component56 excerpt-size-normal\">\n        Rusya\u2019da siyasi pazarl\u0131k t\u00fcm h\u0131z\u0131yla s\u00fcr\u00fcyor. Devlet Ba\u015fkan\u0131 Boris Yeltsin\u2019in araya girerek geni\u015f \u00e7apl\u0131 kriz g\u00f6r\u00fc\u015fmeleri ba\u015flat\u0131lmas\u0131 \u00f6nerisi kar\u015f\u0131s\u0131nda, parlamentonun alt kanad\u0131&hellip;    <\/div>\n        <\/div>\r\n<\/div><!-- .post-item-body -->\r\n\r\n\r\n    <\/div><!-- .post-item-inner -->\r\n\r\n<\/article><!-- .post-item -->\r\n<article class=\"wi-post post-item post-grid fox-grid-item style-title-hover-none post-100247 post type-post status-publish format-standard has-post-thumbnail hentry category-radikal-moskova tag-moskova\" itemscope itemtype=\"https:\/\/schema.org\/CreativeWork\">\r\n\r\n    <div class=\"post-item-inner grid-inner post-grid-inner\">\r\n\r\n        \r\n<div class=\"post-body post-item-body grid-body post-grid-body\">\r\n    <div class=\"post-body-inner\">\r\n        <div class=\"post-item-header\">    <h2 class=\"title56 component56 size-normal\">\n        <a href=\"https:\/\/www.remgo.com\/11\/rusyanin-kader-gunu\/\">\n            Rusya\u2019n\u0131n kader g\u00fcn\u00fc        <\/a>\n    <\/h2>\n    <\/div>    <div class=\"excerpt56 component56 excerpt-size-normal\">\n        Ekonomik ve siyasi krizden \u00e7\u0131kamayan Rusya\u2019da beklenen g\u00fcn geldi. Parlamentonun alt kanad\u0131 Duma, Devlet Ba\u015fkan\u0131 Boris Yeltsin\u2019in atad\u0131\u011f\u0131 Viktor \u00c7ernom\u0131rdin\u2019in ba\u015fbakanl\u0131\u011f\u0131n\u0131 bug\u00fcn&hellip;    <\/div>\n        <\/div>\r\n<\/div><!-- .post-item-body -->\r\n\r\n\r\n    <\/div><!-- .post-item-inner -->\r\n\r\n<\/article><!-- .post-item -->\r\n<article class=\"wi-post post-item post-grid fox-grid-item style-title-hover-none post-100249 post type-post status-publish format-standard has-post-thumbnail hentry category-radikal-moskova tag-moskova\" itemscope itemtype=\"https:\/\/schema.org\/CreativeWork\">\r\n\r\n    <div class=\"post-item-inner grid-inner post-grid-inner\">\r\n\r\n        \r\n<div class=\"post-body post-item-body grid-body post-grid-body\">\r\n    <div class=\"post-body-inner\">\r\n        <div class=\"post-item-header\">    <h2 class=\"title56 component56 size-normal\">\n        <a href=\"https:\/\/www.remgo.com\/11\/komunistlerin-dedigi-oluyor\/\">\n            Kom\u00fcnistlerin dedi\u011fi oluyor        <\/a>\n    <\/h2>\n    <\/div>    <div class=\"excerpt56 component56 excerpt-size-normal\">\n        Ekonomik kriz y\u00fcz\u00fcnden h\u00fck\u00fcmetin g\u00f6revden al\u0131nmas\u0131yla siyasi hayat\u0131 kitlenen Rusya\u2019da parlamentonun alt kanad\u0131 Duma, Devlet Ba\u015fkan\u0131 Boris Yeltsin\u2019in ba\u015fbakanl\u0131\u011fa atad\u0131\u011f\u0131 Viktor \u00c7ernom\u0131rdin\u2019i&hellip;    <\/div>\n        <\/div>\r\n<\/div><!-- .post-item-body -->\r\n\r\n\r\n    <\/div><!-- .post-item-inner -->\r\n\r\n<\/article><!-- .post-item -->\r\n<article class=\"wi-post post-item post-grid fox-grid-item style-title-hover-none post-100251 post type-post status-publish format-standard has-post-thumbnail hentry category-radikal-moskova tag-moskova\" itemscope itemtype=\"https:\/\/schema.org\/CreativeWork\">\r\n\r\n    <div class=\"post-item-inner grid-inner post-grid-inner\">\r\n\r\n        \r\n<div class=\"post-body post-item-body grid-body post-grid-body\">\r\n    <div class=\"post-body-inner\">\r\n        <div class=\"post-item-header\">    <h2 class=\"title56 component56 size-normal\">\n        <a href=\"https:\/\/www.remgo.com\/11\/yeltsinden-donme-sinyali\/\">\n            Yeltsin\u2019den \u2018d\u00f6nme\u2019 sinyali        <\/a>\n    <\/h2>\n    <\/div>    <div class=\"excerpt56 component56 excerpt-size-normal\">\n        Rusya\u2019da parlamentonun alt kanad\u0131 Duma\u2019n\u0131n pazartesi g\u00fcnk\u00fc ikinci g\u00fcvenoylamas\u0131nda da Ba\u015fbakan Vekili Viktor \u00c7ernom\u0131rdin\u2019e onay vermemesinin ard\u0131ndan g\u00f6zler Devlet Ba\u015fkan\u0131 Boris Yeltsin\u2019de.&hellip;    <\/div>\n        <\/div>\r\n<\/div><!-- .post-item-body -->\r\n\r\n\r\n    <\/div><!-- .post-item-inner -->\r\n\r\n<\/article><!-- .post-item -->\r\n<article class=\"wi-post post-item post-grid fox-grid-item style-title-hover-none post-100253 post type-post status-publish format-standard has-post-thumbnail hentry category-radikal-moskova\" itemscope itemtype=\"https:\/\/schema.org\/CreativeWork\">\r\n\r\n    <div class=\"post-item-inner grid-inner post-grid-inner\">\r\n\r\n        \r\n<div class=\"post-body post-item-body grid-body post-grid-body\">\r\n    <div class=\"post-body-inner\">\r\n        <div class=\"post-item-header\">    <h2 class=\"title56 component56 size-normal\">\n        <a href=\"https:\/\/www.remgo.com\/11\/rusyada-sagduyu-kazandi\/\">\n            Rusya\u2019da sa\u011fduyu kazand\u0131        <\/a>\n    <\/h2>\n    <\/div>    <div class=\"excerpt56 component56 excerpt-size-normal\">\n        Parlamentonun alt kanad\u0131 Duma\u2019n\u0131n kararl\u0131 muhalefeti kar\u015f\u0131s\u0131nda ba\u015fbakan aday\u0131n\u0131 de\u011fi\u015ftiren Rusya Devlet Ba\u015fkan\u0131 Boris Yeltsin, \u00fclkenin eski casus \u015fefi ve bir numaral\u0131&hellip;    <\/div>\n        <\/div>\r\n<\/div><!-- .post-item-body -->\r\n\r\n\r\n    <\/div><!-- .post-item-inner -->\r\n\r\n<\/article><!-- .post-item -->\r\n<article class=\"wi-post post-item post-grid fox-grid-item style-title-hover-none post-100255 post type-post status-publish format-standard has-post-thumbnail hentry category-radikal-moskova tag-moskova\" itemscope itemtype=\"https:\/\/schema.org\/CreativeWork\">\r\n\r\n    <div class=\"post-item-inner grid-inner post-grid-inner\">\r\n\r\n        \r\n<div class=\"post-body post-item-body grid-body post-grid-body\">\r\n    <div class=\"post-body-inner\">\r\n        <div class=\"post-item-header\">    <h2 class=\"title56 component56 size-normal\">\n        <a href=\"https:\/\/www.remgo.com\/11\/eski-ajan-simdi-basbakan\/\">\n            Eski ajan \u015fimdi ba\u015fbakan        <\/a>\n    <\/h2>\n    <\/div>    <div class=\"excerpt56 component56 excerpt-size-normal\">\n        Tarih 7 Eyl\u00fcl 1998. Rusya Parlamentosu\u2019nun alt kanad\u0131 Duma, tarihinin belki de en kritik karar\u0131n\u0131 al\u0131yor. Ekonomik krizle \u00e7alkalanan Rusya\u2019da Duma, Kremlin\u2019e&hellip;    <\/div>\n        <\/div>\r\n<\/div><!-- .post-item-body -->\r\n\r\n\r\n    <\/div><!-- .post-item-inner -->\r\n\r\n<\/article><!-- .post-item -->\r\n<article class=\"wi-post post-item post-grid fox-grid-item style-title-hover-none post-100257 post type-post status-publish format-standard has-post-thumbnail hentry category-radikal-moskova tag-moskova\" itemscope itemtype=\"https:\/\/schema.org\/CreativeWork\">\r\n\r\n    <div class=\"post-item-inner grid-inner post-grid-inner\">\r\n\r\n        \r\n<div class=\"post-body post-item-body grid-body post-grid-body\">\r\n    <div class=\"post-body-inner\">\r\n        <div class=\"post-item-header\">    <h2 class=\"title56 component56 size-normal\">\n        <a href=\"https:\/\/www.remgo.com\/11\/rus-muhalefeti-sokaga-iniyor\/\">\n            Rus muhalefeti soka\u011fa iniyor        <\/a>\n    <\/h2>\n    <\/div>    <div class=\"excerpt56 component56 excerpt-size-normal\">\n        Ekonomik krizle bo\u011fu\u015fan Rusya\u2019da milyonlarca i\u015f\u00e7i bug\u00fcn ya\u015fam standartlar\u0131 ve \u00f6denmeyen maa\u015flar\u0131 protesto i\u00e7in sokaklara d\u00f6k\u00fcl\u00fcyor. Kom\u00fcnist Parti\u2019nin deste\u011fiyle \u00fclke \u00e7ap\u0131nda d\u00fczenlenen&hellip;    <\/div>\n        <\/div>\r\n<\/div><!-- .post-item-body -->\r\n\r\n\r\n    <\/div><!-- .post-item-inner -->\r\n\r\n<\/article><!-- .post-item -->\r\n<article class=\"wi-post post-item post-grid fox-grid-item style-title-hover-none post-100259 post type-post status-publish format-standard has-post-thumbnail hentry category-radikal-moskova tag-moskova\" itemscope itemtype=\"https:\/\/schema.org\/CreativeWork\">\r\n\r\n    <div class=\"post-item-inner grid-inner post-grid-inner\">\r\n\r\n        \r\n<div class=\"post-body post-item-body grid-body post-grid-body\">\r\n    <div class=\"post-body-inner\">\r\n        <div class=\"post-item-header\">    <h2 class=\"title56 component56 size-normal\">\n        <a href=\"https:\/\/www.remgo.com\/11\/yeltsinin-sagligi-yine-sorun\/\">\n            Yeltsin\u2019in sa\u011fl\u0131\u011f\u0131 yine sorun        <\/a>\n    <\/h2>\n    <\/div>    <div class=\"excerpt56 component56 excerpt-size-normal\">\n        \u00d6zbekistan ve Kazakistan\u2019a resmi ziyarette bulundu\u011fu s\u0131rada fenala\u015fan Yeltsin gezisini yar\u0131da keserek Moskova\u2019ya d\u00f6nd\u00fc. Kremlin\u2019den yap\u0131lan a\u00e7\u0131klamada, Yeltsin\u2019in bron\u015fit nedeniyle gezisini yar\u0131da&hellip;    <\/div>\n        <\/div>\r\n<\/div><!-- .post-item-body -->\r\n\r\n\r\n    <\/div><!-- .post-item-inner -->\r\n\r\n<\/article><!-- .post-item -->\r\n<article class=\"wi-post post-item post-grid fox-grid-item style-title-hover-none post-100262 post type-post status-publish format-standard has-post-thumbnail hentry category-radikal-moskova tag-moskova\" itemscope itemtype=\"https:\/\/schema.org\/CreativeWork\">\r\n\r\n    <div class=\"post-item-inner grid-inner post-grid-inner\">\r\n\r\n        \r\n<div class=\"post-body post-item-body grid-body post-grid-body\">\r\n    <div class=\"post-body-inner\">\r\n        <div class=\"post-item-header\">    <h2 class=\"title56 component56 size-normal\">\n        <a href=\"https:\/\/www.remgo.com\/11\/yeltsin-istifa-kiskacinda\/\">\n            Yeltsin istifa k\u0131skac\u0131nda        <\/a>\n    <\/h2>\n    <\/div>    <div class=\"excerpt56 component56 excerpt-size-normal\">\n        Rusya Devlet Ba\u015fkan\u0131 Boris Yeltsin\u2019in sa\u011fl\u0131k sorunu nedeniyle Kazakistan gezisini yar\u0131da kesip Moskova\u2019ya d\u00f6nmesiyle \u2018Yeltsin\u2019in ba\u015fkanl\u0131\u011f\u0131 s\u00fcrd\u00fcremeyece\u011fi\u2019 tart\u0131\u015fmalar\u0131 yeniden alevlenirken, parlamentonun \u00fcst&hellip;    <\/div>\n        <\/div>\r\n<\/div><!-- .post-item-body -->\r\n\r\n\r\n    <\/div><!-- .post-item-inner -->\r\n\r\n<\/article><!-- .post-item -->\r\n<article class=\"wi-post post-item post-grid fox-grid-item style-title-hover-none post-100264 post type-post status-publish format-standard has-post-thumbnail hentry category-radikal-moskova\" itemscope itemtype=\"https:\/\/schema.org\/CreativeWork\">\r\n\r\n    <div class=\"post-item-inner grid-inner post-grid-inner\">\r\n\r\n        \r\n<div class=\"post-body post-item-body grid-body post-grid-body\">\r\n    <div class=\"post-body-inner\">\r\n        <div class=\"post-item-header\">    <h2 class=\"title56 component56 size-normal\">\n        <a href=\"https:\/\/www.remgo.com\/11\/yeltsin-istifa-edecek-mi\/\">\n            Yeltsin istifa edecek mi?        <\/a>\n    <\/h2>\n    <\/div>    <div class=\"excerpt56 component56 excerpt-size-normal\">\n        Sa\u011fl\u0131k durumu g\u00fcn ge\u00e7tik\u00e7e bozulan Rusya Devlet Ba\u015fkan\u0131 Boris Yeltsin\u2019in 2000 y\u0131l\u0131nda yap\u0131lacak ba\u015fkanl\u0131k se\u00e7imlerine kadar g\u00f6revini s\u00fcrd\u00fcr\u00fcp s\u00fcrd\u00fcremeyece\u011fi konusundaki tart\u0131\u015fmalar, ekonomik&hellip;    <\/div>\n        <\/div>\r\n<\/div><!-- .post-item-body -->\r\n\r\n\r\n    <\/div><!-- .post-item-inner -->\r\n\r\n<\/article><!-- .post-item -->\r\n<article class=\"wi-post post-item post-grid fox-grid-item style-title-hover-none post-100266 post type-post status-publish format-standard has-post-thumbnail hentry category-radikal-moskova tag-moskova\" itemscope itemtype=\"https:\/\/schema.org\/CreativeWork\">\r\n\r\n    <div class=\"post-item-inner grid-inner post-grid-inner\">\r\n\r\n        \r\n<div class=\"post-body post-item-body grid-body post-grid-body\">\r\n    <div class=\"post-body-inner\">\r\n        <div class=\"post-item-header\">    <h2 class=\"title56 component56 size-normal\">\n        <a href=\"https:\/\/www.remgo.com\/11\/brejnev-adi-yeniden-sahnede\/\">\n            Brejnev ad\u0131 yeniden sahnede        <\/a>\n    <\/h2>\n    <\/div>    <div class=\"excerpt56 component56 excerpt-size-normal\">\n        Rusya\u2019n\u0131n istikrars\u0131z siyasi ortam\u0131nda Brejnev\u2019in kurdu\u011fu partinin kom\u00fcnist ideolojiye meyilli olaca\u011f\u0131, ancak kapitalist d\u00fczeni de ink\u00e2r etmeyece\u011fi belirtildi. Brejnev, yapt\u0131\u011f\u0131 a\u00e7\u0131klamada Rusya\u2019da&hellip;    <\/div>\n        <\/div>\r\n<\/div><!-- .post-item-body -->\r\n\r\n\r\n    <\/div><!-- .post-item-inner -->\r\n\r\n<\/article><!-- .post-item -->\r\n<article class=\"wi-post post-item post-grid fox-grid-item style-title-hover-none post-100268 post type-post status-publish format-standard has-post-thumbnail hentry category-radikal-moskova tag-moskova\" itemscope itemtype=\"https:\/\/schema.org\/CreativeWork\">\r\n\r\n    <div class=\"post-item-inner grid-inner post-grid-inner\">\r\n\r\n        \r\n<div class=\"post-body post-item-body grid-body post-grid-body\">\r\n    <div class=\"post-body-inner\">\r\n        <div class=\"post-item-header\">    <h2 class=\"title56 component56 size-normal\">\n        <a href=\"https:\/\/www.remgo.com\/11\/odinsova-kasabasi-sakin\/\">\n            Odinsova kasabas\u0131 sakin        <\/a>\n    <\/h2>\n    <\/div>    <div class=\"excerpt56 component56 excerpt-size-normal\">\n        Ba\u015fbakan Mesut Y\u0131lmaz\u2019\u0131n, \u201cApo Rusya\u2019da\u201d \u015feklindeki a\u00e7\u0131klamas\u0131yla g\u00f6zler \u00deam\u2019dan sonra Moskova\u2019ya \u00e7evrildi. Moskova\u2019n\u0131n sayfiye yerlerinden biri olan bu sakin kasaba, ger\u00e7ekten Abdullah&hellip;    <\/div>\n        <\/div>\r\n<\/div><!-- .post-item-body -->\r\n\r\n\r\n    <\/div><!-- .post-item-inner -->\r\n\r\n<\/article><!-- .post-item -->\r\n<article class=\"wi-post post-item post-grid fox-grid-item style-title-hover-none post-100270 post type-post status-publish format-standard has-post-thumbnail hentry category-radikal-moskova tag-moskova\" itemscope itemtype=\"https:\/\/schema.org\/CreativeWork\">\r\n\r\n    <div class=\"post-item-inner grid-inner post-grid-inner\">\r\n\r\n        \r\n<div class=\"post-body post-item-body grid-body post-grid-body\">\r\n    <div class=\"post-body-inner\">\r\n        <div class=\"post-item-header\">    <h2 class=\"title56 component56 size-normal\">\n        <a href=\"https:\/\/www.remgo.com\/11\/yilmazdan-apo-icin-primakova-mektup\/\">\n            Y\u0131lmaz\u2019dan Apo i\u00e7in Primakov\u2019a mektup        <\/a>\n    <\/h2>\n    <\/div>    <div class=\"excerpt56 component56 excerpt-size-normal\">\n        PKK lideri Abdullah \u00d6calan\u2019\u0131n Moskova\u2019da kald\u0131\u011f\u0131n\u0131n belirlenmesi \u00fczerine Ba\u015fbakan Mesut Y\u0131lmaz\u2019\u0131n Rusya Ba\u015fbakan\u0131 Yevgeni Primakov\u2019a 21 Ekim tarihinde bir mektup g\u00f6nderdi\u011fi ve&hellip;    <\/div>\n        <\/div>\r\n<\/div><!-- .post-item-body -->\r\n\r\n\r\n    <\/div><!-- .post-item-inner -->\r\n\r\n<\/article><!-- .post-item -->\r\n<article class=\"wi-post post-item post-grid fox-grid-item style-title-hover-none post-100272 post type-post status-publish format-standard has-post-thumbnail hentry category-radikal-moskova tag-moskova\" itemscope itemtype=\"https:\/\/schema.org\/CreativeWork\">\r\n\r\n    <div class=\"post-item-inner grid-inner post-grid-inner\">\r\n\r\n        \r\n<div class=\"post-body post-item-body grid-body post-grid-body\">\r\n    <div class=\"post-body-inner\">\r\n        <div class=\"post-item-header\">    <h2 class=\"title56 component56 size-normal\">\n        <a href=\"https:\/\/www.remgo.com\/11\/dumanin-apo-ayibi\/\">\n            Duma\u2019n\u0131n Apo ay\u0131b\u0131        <\/a>\n    <\/h2>\n    <\/div>    <div class=\"excerpt56 component56 excerpt-size-normal\">\n        PKK\u2019l\u0131 ter\u00f6rist Abdullah \u00d6calan, Rusya\u2019dan resmi s\u0131\u011f\u0131nma hakk\u0131 talebinde bulunurken, Rusya Parlamentosu\u2019nun alt kanad\u0131 Duma, d\u00fcn bu talebin kabul edilmesi i\u00e7in Devlet&hellip;    <\/div>\n        <\/div>\r\n<\/div><!-- .post-item-body -->\r\n\r\n\r\n    <\/div><!-- .post-item-inner -->\r\n\r\n<\/article><!-- .post-item -->\r\n<article class=\"wi-post post-item post-grid fox-grid-item style-title-hover-none post-100274 post type-post status-publish format-standard has-post-thumbnail hentry category-radikal-moskova tag-moskova\" itemscope itemtype=\"https:\/\/schema.org\/CreativeWork\">\r\n\r\n    <div class=\"post-item-inner grid-inner post-grid-inner\">\r\n\r\n        \r\n<div class=\"post-body post-item-body grid-body post-grid-body\">\r\n    <div class=\"post-body-inner\">\r\n        <div class=\"post-item-header\">    <h2 class=\"title56 component56 size-normal\">\n        <a href=\"https:\/\/www.remgo.com\/11\/rusya-ne-yapacagini-sasirdi\/\">\n            Rusya ne yapaca\u011f\u0131n\u0131 \u015fa\u015f\u0131rd\u0131        <\/a>\n    <\/h2>\n    <\/div>    <div class=\"excerpt56 component56 excerpt-size-normal\">\n        Rusya Parlamentosu\u2019nun alt kanad\u0131 Duma\u2019n\u0131n PKK\u2019l\u0131 ter\u00f6rist Abdullah \u00d6calan\u2019a kucak a\u00e7mas\u0131n\u0131n ard\u0131ndan g\u00f6zler Rus h\u00fck\u00fcmet yetkililerinin a\u00e7\u0131klamalar\u0131na \u00e7evrildi. Rusya D\u0131\u015fi\u015fleri Bakanl\u0131\u011f\u0131 S\u00f6zc\u00fcs\u00fc&hellip;    <\/div>\n        <\/div>\r\n<\/div><!-- .post-item-body -->\r\n\r\n\r\n    <\/div><!-- .post-item-inner -->\r\n\r\n<\/article><!-- .post-item -->\r\n<article class=\"wi-post post-item post-grid fox-grid-item style-title-hover-none post-100276 post type-post status-publish format-standard has-post-thumbnail hentry category-radikal-moskova tag-moskova\" itemscope itemtype=\"https:\/\/schema.org\/CreativeWork\">\r\n\r\n    <div class=\"post-item-inner grid-inner post-grid-inner\">\r\n\r\n        \r\n<div class=\"post-body post-item-body grid-body post-grid-body\">\r\n    <div class=\"post-body-inner\">\r\n        <div class=\"post-item-header\">    <h2 class=\"title56 component56 size-normal\">\n        <a href=\"https:\/\/www.remgo.com\/11\/bolsevik-devrimi-anildi\/\">\n            Bol\u015fevik Devrimi an\u0131ld\u0131        <\/a>\n    <\/h2>\n    <\/div>    <div class=\"excerpt56 component56 excerpt-size-normal\">\n        Rusya\u2019da 1917\u2019deki Bol\u015fevik Devrimi\u2019nin 81. y\u0131ld\u00f6n\u00fcm\u00fc ba\u015fkent Moskova\u2019da ve di\u011fer kentlerde y\u00fcr\u00fcy\u00fc\u015f ve g\u00f6sterilerle an\u0131ld\u0131. Ancak kom\u00fcnist rejimin y\u0131k\u0131lmas\u0131ndan sonraki en k\u00f6t\u00fc&hellip;    <\/div>\n        <\/div>\r\n<\/div><!-- .post-item-body -->\r\n\r\n\r\n    <\/div><!-- .post-item-inner -->\r\n\r\n<\/article><!-- .post-item -->\r\n<article class=\"wi-post post-item post-grid fox-grid-item style-title-hover-none post-100278 post type-post status-publish format-standard has-post-thumbnail hentry category-radikal-moskova tag-moskova\" itemscope itemtype=\"https:\/\/schema.org\/CreativeWork\">\r\n\r\n    <div class=\"post-item-inner grid-inner post-grid-inner\">\r\n\r\n        \r\n<div class=\"post-body post-item-body grid-body post-grid-body\">\r\n    <div class=\"post-body-inner\">\r\n        <div class=\"post-item-header\">    <h2 class=\"title56 component56 size-normal\">\n        <a href=\"https:\/\/www.remgo.com\/11\/demokrasi-tutkunu-milletvekili-olduruldu\/\">\n            Demokrasi tutkunu milletvekili \u00f6ld\u00fcr\u00fcld\u00fc        <\/a>\n    <\/h2>\n    <\/div>    <div class=\"excerpt56 component56 excerpt-size-normal\">\n        Rusya\u2019da 2000 y\u0131l\u0131nda yap\u0131lacak devlet ba\u015fkanl\u0131\u011f\u0131 se\u00e7imlerine kat\u0131lmay\u0131 planlayan liberal bir milletvekili \u00f6nceki g\u00fcn St. Petersburg\u2019da \u00f6ld\u00fcr\u00fcld\u00fc. Parlamentonun alt kanad\u0131 Duma\u2019n\u0131n en&hellip;    <\/div>\n        <\/div>\r\n<\/div><!-- .post-item-body -->\r\n\r\n\r\n    <\/div><!-- .post-item-inner -->\r\n\r\n<\/article><!-- .post-item -->\r\n<article class=\"wi-post post-item post-grid fox-grid-item style-title-hover-none post-100280 post type-post status-publish format-standard has-post-thumbnail hentry category-radikal-moskova tag-moskova\" itemscope itemtype=\"https:\/\/schema.org\/CreativeWork\">\r\n\r\n    <div class=\"post-item-inner grid-inner post-grid-inner\">\r\n\r\n        \r\n<div class=\"post-body post-item-body grid-body post-grid-body\">\r\n    <div class=\"post-body-inner\">\r\n        <div class=\"post-item-header\">    <h2 class=\"title56 component56 size-normal\">\n        <a href=\"https:\/\/www.remgo.com\/11\/krize-ragmen-ramstore\/\">\n            Krize ra\u011fmen Ramstore        <\/a>\n    <\/h2>\n    <\/div>    <div class=\"excerpt56 component56 excerpt-size-normal\">\n        Rusya\u2019daki krizden daha da b\u00fcy\u00fcyerek \u00e7\u0131kan Migros bir y\u0131l aradan sonra ikinci hipermarketi Moskova\u2019da a\u00e7t\u0131. 32 bin metrekarelik alana kurulu Ramstore, Beylikd\u00fcz\u00fc\u2019ndekinin&hellip;    <\/div>\n        <\/div>\r\n<\/div><!-- .post-item-body -->\r\n\r\n\r\n    <\/div><!-- .post-item-inner -->\r\n\r\n<\/article><!-- .post-item -->\r\n<article class=\"wi-post post-item post-grid fox-grid-item style-title-hover-none post-100283 post type-post status-publish format-standard has-post-thumbnail hentry category-radikal-moskova tag-moskova\" itemscope itemtype=\"https:\/\/schema.org\/CreativeWork\">\r\n\r\n    <div class=\"post-item-inner grid-inner post-grid-inner\">\r\n\r\n        \r\n<div class=\"post-body post-item-body grid-body post-grid-body\">\r\n    <div class=\"post-body-inner\">\r\n        <div class=\"post-item-header\">    <h2 class=\"title56 component56 size-normal\">\n        <a href=\"https:\/\/www.remgo.com\/11\/moskovada-silah-pazari-kavgasi\/\">\n            Moskova\u2019da silah pazar\u0131 kavgas\u0131        <\/a>\n    <\/h2>\n    <\/div>    <div class=\"excerpt56 component56 excerpt-size-normal\">\n        \u2018Made in Russia\u2019 etiketli \u00fcr\u00fcnler d\u00fcnya pazarlar\u0131nda pek ilgi g\u00f6rmez. \u2018Teknoloji fakiri\u2019 Rusya\u2019n\u0131n ihra\u00e7 etti\u011fi \u00fcr\u00fcnler hammadde ve yak\u0131t\u0131n d\u0131\u015f\u0131nda yok denecek&hellip;    <\/div>\n        <\/div>\r\n<\/div><!-- .post-item-body -->\r\n\r\n\r\n    <\/div><!-- .post-item-inner -->\r\n\r\n<\/article><!-- .post-item -->\r\n<article class=\"wi-post post-item post-grid fox-grid-item style-title-hover-none post-100285 post type-post status-publish format-standard has-post-thumbnail hentry category-radikal-moskova tag-moskova\" itemscope itemtype=\"https:\/\/schema.org\/CreativeWork\">\r\n\r\n    <div class=\"post-item-inner grid-inner post-grid-inner\">\r\n\r\n        \r\n<div class=\"post-body post-item-body grid-body post-grid-body\">\r\n    <div class=\"post-body-inner\">\r\n        <div class=\"post-item-header\">    <h2 class=\"title56 component56 size-normal\">\n        <a href=\"https:\/\/www.remgo.com\/11\/iranda-korkutan-nukleer-reaktor\/\">\n            \u0130ran\u2019da korkutan n\u00fckleer reakt\u00f6r        <\/a>\n    <\/h2>\n    <\/div>    <div class=\"excerpt56 component56 excerpt-size-normal\">\n        ABD ve \u0130srail\u2019in n\u00fckleer silah \u00fcretilebilir sav\u0131yla kar\u015f\u0131 \u00e7\u0131kt\u0131\u011f\u0131 \u0130ran K\u00f6rfezi\u2019ndeki Bu\u015fehr reakt\u00f6r\u00fcnde Rusya \u0131srar ediyor. Rusya ile ABD aras\u0131nda sorun olan&hellip;    <\/div>\n        <\/div>\r\n<\/div><!-- .post-item-body -->\r\n\r\n\r\n    <\/div><!-- .post-item-inner -->\r\n\r\n<\/article><!-- .post-item -->\r\n<article class=\"wi-post post-item post-grid fox-grid-item style-title-hover-none post-1144 post type-post status-publish format-standard has-post-thumbnail hentry category-radikal tag-abd\" itemscope itemtype=\"https:\/\/schema.org\/CreativeWork\">\r\n\r\n    <div class=\"post-item-inner grid-inner post-grid-inner\">\r\n\r\n        \r\n<div class=\"post-body post-item-body grid-body post-grid-body\">\r\n    <div class=\"post-body-inner\">\r\n        <div class=\"post-item-header\">    <h2 class=\"title56 component56 size-normal\">\n        <a href=\"https:\/\/www.remgo.com\/11\/iyi-gunde-kotu-gunde-saglikta-hastalikta\/\">\n            \u2018\u0130yi g\u00fcnde, k\u00f6t\u00fc g\u00fcnde&#8230;\u2019        <\/a>\n    <\/h2>\n    <\/div>    <div class=\"excerpt56 component56 excerpt-size-normal\">\n        Anne Roiphe, evlili\u011fi konu alan kitab\u0131nda ba\u015far\u0131ya giden bir evlilikteki \u00fc\u00e7 \u015fart\u0131 \u015f\u00f6yle s\u0131ral\u0131yor:E\u015fini sev.Ona g\u00fcven ve aldatma.Onun ama\u00e7 ve planlar\u0131na katk\u0131da&hellip;    <\/div>\n        <\/div>\r\n<\/div><!-- .post-item-body -->\r\n\r\n\r\n    <\/div><!-- .post-item-inner -->\r\n\r\n<\/article><!-- .post-item -->\r\n<article class=\"wi-post post-item post-grid fox-grid-item style-title-hover-none post-74 post type-post status-publish format-standard has-post-thumbnail hentry category-radikal tag-abd tag-radikal\" itemscope itemtype=\"https:\/\/schema.org\/CreativeWork\">\r\n\r\n    <div class=\"post-item-inner grid-inner post-grid-inner\">\r\n\r\n        \r\n<div class=\"post-body post-item-body grid-body post-grid-body\">\r\n    <div class=\"post-body-inner\">\r\n        <div class=\"post-item-header\">    <h2 class=\"title56 component56 size-normal\">\n        <a href=\"https:\/\/www.remgo.com\/11\/pakistan-hindistan-gerginliginde-abdnin-rolu\/\">\n            Pakistan, Hindistan gerginli\u011finde ABD\u2019nin rol\u00fc        <\/a>\n    <\/h2>\n    <\/div>    <div class=\"excerpt56 component56 excerpt-size-normal\">\n        Pakistan ile Hindistan aras\u0131nda ya\u015fanan gerginlik G\u00fcney Asya\u2019n\u0131n belki de d\u00fcnyan\u0131n gelece\u011fini de\u011fi\u015ftirebilecek geli\u015fmeleri de g\u00fcndeme getiriyor. 13 Aral\u0131k g\u00fcn\u00fc Pakistan kaynakl\u0131&hellip;    <\/div>\n        <\/div>\r\n<\/div><!-- .post-item-body -->\r\n\r\n\r\n    <\/div><!-- .post-item-inner -->\r\n\r\n<\/article><!-- .post-item -->\r\n<article class=\"wi-post post-item post-grid fox-grid-item style-title-hover-none post-63 post type-post status-publish format-standard has-post-thumbnail hentry category-radikal tag-abd tag-radikal\" itemscope itemtype=\"https:\/\/schema.org\/CreativeWork\">\r\n\r\n    <div class=\"post-item-inner grid-inner post-grid-inner\">\r\n\r\n        \r\n<div class=\"post-body post-item-body grid-body post-grid-body\">\r\n    <div class=\"post-body-inner\">\r\n        <div class=\"post-item-header\">    <h2 class=\"title56 component56 size-normal\">\n        <a href=\"https:\/\/www.remgo.com\/11\/amerikan-medyasinda-rumsfeld-ekolu\/\">\n            Amerikan medyas\u0131nda Rumsfeld ekol\u00fc        <\/a>\n    <\/h2>\n    <\/div>    <div class=\"excerpt56 component56 excerpt-size-normal\">\n        Gazeteler haber ve yorumlar\u0131nda Pentagon&#8217;un &#8216;sava\u015f \u015fartlar\u0131&#8217; standartlar\u0131n\u0131 zaman zaman zorlamay\u0131 deneseler de televizyon kanallar\u0131n\u0131n Afganistan haberlerinde gazetelere oranla daha titiz bir&hellip;    <\/div>\n        <\/div>\r\n<\/div><!-- .post-item-body -->\r\n\r\n\r\n    <\/div><!-- .post-item-inner -->\r\n\r\n<\/article><!-- .post-item -->\r\n<article class=\"wi-post post-item post-grid fox-grid-item style-title-hover-none post-64 post type-post status-publish format-standard has-post-thumbnail hentry category-radikal tag-abd tag-radikal\" itemscope itemtype=\"https:\/\/schema.org\/CreativeWork\">\r\n\r\n    <div class=\"post-item-inner grid-inner post-grid-inner\">\r\n\r\n        \r\n<div class=\"post-body post-item-body grid-body post-grid-body\">\r\n    <div class=\"post-body-inner\">\r\n        <div class=\"post-item-header\">    <h2 class=\"title56 component56 size-normal\">\n        <a href=\"https:\/\/www.remgo.com\/11\/bush-doktrini-uc-ulkeyi-kizdirdi\/\">\n            Bush doktrini \u00fc\u00e7 \u00fclkeyi k\u0131zd\u0131rd\u0131        <\/a>\n    <\/h2>\n    <\/div>    <div class=\"excerpt56 component56 excerpt-size-normal\">\n        ABD Ba\u015fkan\u0131 George W. Bush\u2019un \u00f6nceki g\u00fcn yapt\u0131\u011f\u0131 Ulusa Sesleni\u015f konu\u015fmas\u0131 \u00fc\u00e7 konuda kesi\u015fti. Uluslararas\u0131 ter\u00f6rizm, i\u00e7 g\u00fcvenlik ve ekonomi. Sava\u015f halindeki&hellip;    <\/div>\n        <\/div>\r\n<\/div><!-- .post-item-body -->\r\n\r\n\r\n    <\/div><!-- .post-item-inner -->\r\n\r\n<\/article><!-- .post-item -->\r\n<article class=\"wi-post post-item post-grid fox-grid-item style-title-hover-none post-26 post type-post status-publish format-standard has-post-thumbnail hentry category-radikal tag-abd tag-radikal\" itemscope itemtype=\"https:\/\/schema.org\/CreativeWork\">\r\n\r\n    <div class=\"post-item-inner grid-inner post-grid-inner\">\r\n\r\n        \r\n<div class=\"post-body post-item-body grid-body post-grid-body\">\r\n    <div class=\"post-body-inner\">\r\n        <div class=\"post-item-header\">    <h2 class=\"title56 component56 size-normal\">\n        <a href=\"https:\/\/www.remgo.com\/11\/los-angelesin-guneydogusu\/\">\n            Los Angeles\u2019\u0131n g\u00fcneydo\u011fusu        <\/a>\n    <\/h2>\n    <\/div>    <div class=\"excerpt56 component56 excerpt-size-normal\">\n        Los Angeles ya da bilinen ad\u0131yla \u201cMelekler Kenti\u201d. Kaliforniya\u2019n\u0131n kalbi, sinema d\u00fcnyas\u0131n\u0131n ba\u015fkenti. Los Angeles\u2019a yak\u0131\u015ft\u0131r\u0131lan s\u0131fatlar saymakla bitmiyor. Kimileri hayalini kuruyor&hellip;    <\/div>\n        <\/div>\r\n<\/div><!-- .post-item-body -->\r\n\r\n\r\n    <\/div><!-- .post-item-inner -->\r\n\r\n<\/article><!-- .post-item -->\r\n<article class=\"wi-post post-item post-grid fox-grid-item style-title-hover-none post-67 post type-post status-publish format-standard has-post-thumbnail hentry category-radikal tag-abd tag-radikal\" itemscope itemtype=\"https:\/\/schema.org\/CreativeWork\">\r\n\r\n    <div class=\"post-item-inner grid-inner post-grid-inner\">\r\n\r\n        \r\n<div class=\"post-body post-item-body grid-body post-grid-body\">\r\n    <div class=\"post-body-inner\">\r\n        <div class=\"post-item-header\">    <h2 class=\"title56 component56 size-normal\">\n        <a href=\"https:\/\/www.remgo.com\/11\/halle-berry\/\">\n            Halle Berry        <\/a>\n    <\/h2>\n    <\/div>    <div class=\"excerpt56 component56 excerpt-size-normal\">\n        Tart\u0131\u015fmalar\u0131, dedikodular\u0131, kampanyalar\u0131yla bir Oscar gecesi daha geride kald\u0131. \u00d6d\u00fcller sahiplerini buldu, sevinenler, hayal k\u0131r\u0131kl\u0131\u011f\u0131 ya\u015fayanlar oldu\u2026 B\u00fct\u00fcn bu y\u00f6nleriyle Oscar\u2019lar film&hellip;    <\/div>\n        <\/div>\r\n<\/div><!-- .post-item-body -->\r\n\r\n\r\n    <\/div><!-- .post-item-inner -->\r\n\r\n<\/article><!-- .post-item -->\r\n<article class=\"wi-post post-item post-grid fox-grid-item style-title-hover-none post-76 post type-post status-publish format-standard has-post-thumbnail hentry category-radikal tag-abd tag-radikal\" itemscope itemtype=\"https:\/\/schema.org\/CreativeWork\">\r\n\r\n    <div class=\"post-item-inner grid-inner post-grid-inner\">\r\n\r\n        \r\n<div class=\"post-body post-item-body grid-body post-grid-body\">\r\n    <div class=\"post-body-inner\">\r\n        <div class=\"post-item-header\">    <h2 class=\"title56 component56 size-normal\">\n        <a href=\"https:\/\/www.remgo.com\/11\/siz-olsaydiniz-ne-yapardiniz\/\">\n            Siz olsayd\u0131n\u0131z ne yapard\u0131n\u0131z?        <\/a>\n    <\/h2>\n    <\/div>    <div class=\"excerpt56 component56 excerpt-size-normal\">\n        Olay, 1993 y\u0131l\u0131nda ABD\u2019nin Michigan Eyaleti\u2019nin Lansing kentinde ge\u00e7iyor. \u0130ki \u00e7ocuk sahibi Messenger Ailesi bir yandan geleneksel Christmas haz\u0131rl\u0131klar\u0131n\u0131 tamamlarken bir yandan&hellip;    <\/div>\n        <\/div>\r\n<\/div><!-- .post-item-body -->\r\n\r\n\r\n    <\/div><!-- .post-item-inner -->\r\n\r\n<\/article><!-- .post-item -->\r\n<article class=\"wi-post post-item post-grid fox-grid-item style-title-hover-none post-75 post type-post status-publish format-standard has-post-thumbnail hentry category-radikal tag-abd tag-radikal\" itemscope itemtype=\"https:\/\/schema.org\/CreativeWork\">\r\n\r\n    <div class=\"post-item-inner grid-inner post-grid-inner\">\r\n\r\n        \r\n<div class=\"post-body post-item-body grid-body post-grid-body\">\r\n    <div class=\"post-body-inner\">\r\n        <div class=\"post-item-header\">    <h2 class=\"title56 component56 size-normal\">\n        <a href=\"https:\/\/www.remgo.com\/11\/yangin-yeri\/\">\n            Yang\u0131n yeri        <\/a>\n    <\/h2>\n    <\/div>    <div class=\"excerpt56 component56 excerpt-size-normal\">\n        Ortado\u011fu yine yang\u0131n yeri, sokaklar kan g\u00f6l\u00fc. D\u0131\u015f d\u00fcnyaya perdelerini kapatan bir sahneyi and\u0131r\u0131yor \u0130srail. Ter\u00f6rist sald\u0131r\u0131lar\u0131 engelleyemeyen ve \u015fu anda g\u00fcnde&hellip;    <\/div>\n        <\/div>\r\n<\/div><!-- .post-item-body -->\r\n\r\n\r\n    <\/div><!-- .post-item-inner -->\r\n\r\n<\/article><!-- .post-item -->\r\n<article class=\"wi-post post-item post-grid fox-grid-item style-title-hover-none post-77 post type-post status-publish format-standard has-post-thumbnail hentry category-radikal tag-abd tag-radikal\" itemscope itemtype=\"https:\/\/schema.org\/CreativeWork\">\r\n\r\n    <div class=\"post-item-inner grid-inner post-grid-inner\">\r\n\r\n        \r\n<div class=\"post-body post-item-body grid-body post-grid-body\">\r\n    <div class=\"post-body-inner\">\r\n        <div class=\"post-item-header\">    <h2 class=\"title56 component56 size-normal\">\n        <a href=\"https:\/\/www.remgo.com\/11\/cia-bush-irak\/\">\n            CIA-Bush-Irak        <\/a>\n    <\/h2>\n    <\/div>    <div class=\"excerpt56 component56 excerpt-size-normal\">\n        Beyaz Saray y\u00f6netimi, Irak Sava\u015f\u0131 \u00f6ncesi d\u00fcnya kamuoyunun kar\u015f\u0131s\u0131na \u00e7ok net bir tav\u0131rla \u00e7\u0131km\u0131\u015ft\u0131. Ba\u015fkan Bush, ge\u00e7ti\u011fimiz y\u0131l Amerikan Kongresi\u2019nde yapt\u0131\u011f\u0131 konu\u015fmas\u0131nda&hellip;    <\/div>\n        <\/div>\r\n<\/div><!-- .post-item-body -->\r\n\r\n\r\n    <\/div><!-- .post-item-inner -->\r\n\r\n<\/article><!-- .post-item -->        \r\n        \r\n    <\/div><!-- .fox-blog -->\r\n    \r\n    <div class=\"el-pagination\"><div class=\"pagination-inner\"><span aria-current=\"page\" class=\"page-numbers current\"><span>1<\/span><\/span>\n<a class=\"page-numbers\" href=\"https:\/\/www.remgo.com\/11\/wp-json\/wp\/v2\/pages\/97237\/page\/2\/\"><span>2<\/span><\/a>\n<a class=\"next page-numbers\" href=\"https:\/\/www.remgo.com\/11\/wp-json\/wp\/v2\/pages\/97237\/page\/2\/\"><span>\u0130leri<\/span><\/a><\/div><\/div>    \r\n<\/div><!-- .fox-blog-container -->\r\n\r\n    \t\t\t\t<\/div>\n\t\t\t\t<\/div>\n\t\t\t\t\t<\/div>\n\t\t<\/div>\n\t\t\t\t\t<\/div>\n\t\t<\/section>\n\t\t\t\t<\/div>\n\t\t","protected":false},"excerpt":{"rendered":"<p>Radikal Gazetesi\u2019ndeki g\u00f6revim farkl\u0131 bir deneyimdi. 1998\u2019de Moskova\u2019dayken d\u0131\u015f haberler servisinde Rusya ile ilgili haberler yazd\u0131m. ABD\u2019ye ta\u015f\u0131nd\u0131ktan sonra da gazeteyle ba\u011f\u0131m\u0131 koparmad\u0131m ve 2005\u2019e kadar oradan haberler g\u00f6ndermeye devam ettim. Gazetecilik yolculu\u011fumun farkl\u0131 bir deneyimiydi. Bu haberler farkl\u0131 co\u011frafyalarda bir d\u00f6neme tan\u0131kl\u0131k etti. RAD\u0130KAL GAZETES\u0130 ABD HABER AR\u015e\u0130V\u0130 Sar\u0131-Mor Kentimizin tak\u0131m\u0131 yine sampiyon. Lakers bug\u00fcn NBA kupas\u0131n\u0131 \u00fcst \u00fcste \u00fc\u00e7\u00fcnc\u00fc kez Los Angeles\u2019a getirdi. Zaferlerine bir yenisi eklendi. K\u0131r\u0131lmas\u0131 g\u00fc\u00e7 bir&hellip; \u0130srail -11 Eyl\u00fcl ili\u015fkisi 11 Eyl\u00fcl sald\u0131r\u0131lar\u0131n\u0131n hemen ard\u0131ndan ortaya at\u0131lan komplo teorilerinden \u015fu ana kadar bir kitap yay\u0131nland\u0131, s\u00f6ylentileri i\u00e7eren bir filmin \u00e7al\u0131\u015fmalar\u0131na ba\u015fland\u0131, say\u0131s\u0131z&hellip; 12 Ay<\/p>\n","protected":false},"author":1,"featured_media":0,"parent":97888,"menu_order":0,"comment_status":"closed","ping_status":"closed","template":"","meta":{"footnotes":""},"class_list":["post-97237","page","type-page","status-publish","hentry"],"_links":{"self":[{"href":"https:\/\/www.remgo.com\/11\/wp-json\/wp\/v2\/pages\/97237","targetHints":{"allow":["GET"]}}],"collection":[{"href":"https:\/\/www.remgo.com\/11\/wp-json\/wp\/v2\/pages"}],"about":[{"href":"https:\/\/www.remgo.com\/11\/wp-json\/wp\/v2\/types\/page"}],"author":[{"embeddable":true,"href":"https:\/\/www.remgo.com\/11\/wp-json\/wp\/v2\/users\/1"}],"replies":[{"embeddable":true,"href":"https:\/\/www.remgo.com\/11\/wp-json\/wp\/v2\/comments?post=97237"}],"version-history":[{"count":0,"href":"https:\/\/www.remgo.com\/11\/wp-json\/wp\/v2\/pages\/97237\/revisions"}],"up":[{"embeddable":true,"href":"https:\/\/www.remgo.com\/11\/wp-json\/wp\/v2\/pages\/97888"}],"wp:attachment":[{"href":"https:\/\/www.remgo.com\/11\/wp-json\/wp\/v2\/media?parent=97237"}],"curies":[{"name":"wp","href":"https:\/\/api.w.org\/{rel}","templated":true}]}}