{"id":97223,"date":"2024-04-28T17:07:55","date_gmt":"2024-04-28T14:07:55","guid":{"rendered":"https:\/\/www.remgo.com\/11\/?page_id=97223"},"modified":"2025-11-13T12:49:36","modified_gmt":"2025-11-13T09:49:36","slug":"remzi-gokdag-cumhuriyet-haber-arsivi-1992","status":"publish","type":"page","link":"https:\/\/www.remgo.com\/11\/gazete-arsivi\/remzi-gokdag-cumhuriyet-haber-arsivi-1992\/","title":{"rendered":"Remzi G\u00f6kda\u011f, Cumhuriyet Haber Ar\u015fivi 1992"},"content":{"rendered":"\t\t<div data-elementor-type=\"wp-page\" data-elementor-id=\"97223\" class=\"elementor elementor-97223\" data-elementor-post-type=\"page\">\n\t\t\t\t\t\t<section class=\"elementor-section elementor-top-section elementor-element elementor-element-28e5d7dd elementor-section-boxed elementor-section-height-default elementor-section-height-default\" data-id=\"28e5d7dd\" data-element_type=\"section\" data-e-type=\"section\">\n\t\t\t\t\t\t<div class=\"elementor-container elementor-column-gap-default\">\n\t\t\t\t\t<div class=\"elementor-column elementor-col-100 elementor-top-column elementor-element elementor-element-780391c4\" data-id=\"780391c4\" data-element_type=\"column\" data-e-type=\"column\">\n\t\t\t<div class=\"elementor-widget-wrap elementor-element-populated\">\n\t\t\t\t\t\t<div class=\"elementor-element elementor-element-37993863 elementor-widget elementor-widget-spacer\" data-id=\"37993863\" data-element_type=\"widget\" data-e-type=\"widget\" data-widget_type=\"spacer.default\">\n\t\t\t\t<div class=\"elementor-widget-container\">\n\t\t\t\t\t\t\t<div class=\"elementor-spacer\">\n\t\t\t<div class=\"elementor-spacer-inner\"><\/div>\n\t\t<\/div>\n\t\t\t\t\t\t<\/div>\n\t\t\t\t<\/div>\n\t\t\t\t\t<\/div>\n\t\t<\/div>\n\t\t\t\t\t<\/div>\n\t\t<\/section>\n\t\t\t\t<section class=\"elementor-section elementor-top-section elementor-element elementor-element-617e0995 elementor-section-boxed elementor-section-height-default elementor-section-height-default\" data-id=\"617e0995\" data-element_type=\"section\" data-e-type=\"section\">\n\t\t\t\t\t\t<div class=\"elementor-container elementor-column-gap-default\">\n\t\t\t\t\t<div class=\"elementor-column elementor-col-100 elementor-top-column elementor-element elementor-element-31881dc3\" data-id=\"31881dc3\" data-element_type=\"column\" data-e-type=\"column\">\n\t\t\t<div class=\"elementor-widget-wrap elementor-element-populated\">\n\t\t\t\t\t\t<div class=\"elementor-element elementor-element-34636e6 elementor-widget elementor-widget-text-editor\" data-id=\"34636e6\" data-element_type=\"widget\" data-e-type=\"widget\" data-widget_type=\"text-editor.default\">\n\t\t\t\t<div class=\"elementor-widget-container\">\n\t\t\t\t\t\t\t\t\t<h4><span style=\"color: #ff0000;\">1992 Cumhuriyet Haberleri\u200b<\/span><\/h4>\t\t\t\t\t\t\t\t<\/div>\n\t\t\t\t<\/div>\n\t\t\t\t\t<\/div>\n\t\t<\/div>\n\t\t\t\t\t<\/div>\n\t\t<\/section>\n\t\t\t\t<section class=\"elementor-section elementor-top-section elementor-element elementor-element-5baaf4b2 elementor-section-boxed elementor-section-height-default elementor-section-height-default\" data-id=\"5baaf4b2\" data-element_type=\"section\" data-e-type=\"section\">\n\t\t\t\t\t\t<div class=\"elementor-container elementor-column-gap-default\">\n\t\t\t\t\t<div class=\"elementor-column elementor-col-100 elementor-top-column elementor-element elementor-element-175b8765\" data-id=\"175b8765\" data-element_type=\"column\" data-e-type=\"column\">\n\t\t\t<div class=\"elementor-widget-wrap elementor-element-populated\">\n\t\t\t\t\t\t<div class=\"elementor-element elementor-element-430939ea align-left pagination-align-center elementor-widget elementor-widget-post-grid\" data-id=\"430939ea\" data-element_type=\"widget\" data-e-type=\"widget\" data-widget_type=\"post-grid.default\">\n\t\t\t\t<div class=\"elementor-widget-container\">\n\t\t\t\t\t\r\n<div class=\"blog-container blog-container-grid blog-container-has-border\">\r\n    \r\n    <div class=\"wi-blog fox-blog blog-grid fox-grid blog-card-has-shadow column-2 spacing-predefined spacing-normal\">\r\n    \r\n    \r\n<article class=\"wi-post post-item post-grid fox-grid-item style-title-hover-none post-65812 post type-post status-publish format-standard has-post-thumbnail hentry category-remzi-gokdag-cumhuriyet-haber-arsivi-1992 tag-1323\" itemscope itemtype=\"https:\/\/schema.org\/CreativeWork\">\r\n\r\n    <div class=\"post-item-inner grid-inner post-grid-inner\">\r\n\r\n        \r\n<div class=\"post-body post-item-body grid-body post-grid-body\">\r\n    <div class=\"post-body-inner\">\r\n        <div class=\"post-item-header\">    <h2 class=\"title56 component56 size-normal text-uppercase\">\n        <a href=\"https:\/\/www.remgo.com\/11\/belediye-arsalari-kooperatiflere\/\">\n            Belediye arsalar\u0131 kooperatiflere        <\/a>\n    <\/h2>\n    <\/div>    <div class=\"excerpt56 component56 excerpt-size-normal\">\n        180 belediyenin konuyla yak\u0131ndan ilgilendiklerini s\u00f6yleyen TK\u0130 Ba\u015fkan\u0131 G\u00fcl\u00f6ks\u00fcz,43 belediyenin proje getirdi\u011fini 1820 projenin hemen uygulamaya haz\u0131r olduklaklar\u0131n\u0131, yeni y\u0131lda i\u015flemlerin daha&hellip;    <\/div>\n        <\/div>\r\n<\/div><!-- .post-item-body -->\r\n\r\n\r\n    <\/div><!-- .post-item-inner -->\r\n\r\n<\/article><!-- .post-item -->\r\n<article class=\"wi-post post-item post-grid fox-grid-item style-title-hover-none post-65809 post type-post status-publish format-standard has-post-thumbnail hentry category-remzi-gokdag-cumhuriyet-haber-arsivi-1992 tag-1323\" itemscope itemtype=\"https:\/\/schema.org\/CreativeWork\">\r\n\r\n    <div class=\"post-item-inner grid-inner post-grid-inner\">\r\n\r\n        \r\n<div class=\"post-body post-item-body grid-body post-grid-body\">\r\n    <div class=\"post-body-inner\">\r\n        <div class=\"post-item-header\">    <h2 class=\"title56 component56 size-normal text-uppercase\">\n        <a href=\"https:\/\/www.remgo.com\/11\/sevda-tepesi-kurtulacak-mi\/\">\n            Sevda Tepesi kurtulacak m\u0131?        <\/a>\n    <\/h2>\n    <\/div>    <div class=\"excerpt56 component56 excerpt-size-normal\">\n        Dalan Araplara satt\u0131, S\u00f6zen geri almaya \u00e7al\u0131\u015f\u0131yor. Sevda Tepesi, Arap sermayesinin \u0130stanbul&#8217;a yerle\u015fmesinin ilk \u00f6rne\u011fi. Tepeyi, 1984 y\u0131l\u0131nda Suudi Arabistan Prensi Abdullah&hellip;    <\/div>\n        <\/div>\r\n<\/div><!-- .post-item-body -->\r\n\r\n\r\n    <\/div><!-- .post-item-inner -->\r\n\r\n<\/article><!-- .post-item -->\r\n<article class=\"wi-post post-item post-grid fox-grid-item style-title-hover-none post-65806 post type-post status-publish format-standard has-post-thumbnail hentry category-remzi-gokdag-cumhuriyet-haber-arsivi-1992 tag-1323\" itemscope itemtype=\"https:\/\/schema.org\/CreativeWork\">\r\n\r\n    <div class=\"post-item-inner grid-inner post-grid-inner\">\r\n\r\n        \r\n<div class=\"post-body post-item-body grid-body post-grid-body\">\r\n    <div class=\"post-body-inner\">\r\n        <div class=\"post-item-header\">    <h2 class=\"title56 component56 size-normal text-uppercase\">\n        <a href=\"https:\/\/www.remgo.com\/11\/buyukcekmecede-cevre-icin-yuruyus\/\">\n            B\u00fcy\u00fck\u00e7ekmece&#8217;de \u00e7evre i\u00e7in y\u00fcr\u00fcy\u00fc\u015f        <\/a>\n    <\/h2>\n    <\/div>    <div class=\"excerpt56 component56 excerpt-size-normal\">\n        \u0130stanbul&#8217;a 35 kilometre uzakl\u0131kta bulunan B\u00fcy\u00fck\u00e7ekmece G\u00f6l\u00fc kenar\u0131nda yap\u0131lmakta olan Trakya Serbest B\u00f6lgesi, Hezarfen Havaalan\u0131 ve di\u011fer ka\u00e7ak yap\u0131lar B\u00fcy\u00fck\u00e7ekmece&#8217;de d\u00fczenlenen \u00e7evre&hellip;    <\/div>\n        <\/div>\r\n<\/div><!-- .post-item-body -->\r\n\r\n\r\n    <\/div><!-- .post-item-inner -->\r\n\r\n<\/article><!-- .post-item -->\r\n<article class=\"wi-post post-item post-grid fox-grid-item style-title-hover-none post-65803 post type-post status-publish format-standard has-post-thumbnail hentry category-remzi-gokdag-cumhuriyet-haber-arsivi-1992 tag-1323\" itemscope itemtype=\"https:\/\/schema.org\/CreativeWork\">\r\n\r\n    <div class=\"post-item-inner grid-inner post-grid-inner\">\r\n\r\n        \r\n<div class=\"post-body post-item-body grid-body post-grid-body\">\r\n    <div class=\"post-body-inner\">\r\n        <div class=\"post-item-header\">    <h2 class=\"title56 component56 size-normal text-uppercase\">\n        <a href=\"https:\/\/www.remgo.com\/11\/istanbula-10-trilyonluk-dev-butce\/\">\n            \u0130stanbul&#8217;a 10 trilyonluk dev b\u00fct\u00e7e        <\/a>\n    <\/h2>\n    <\/div>    <div class=\"excerpt56 component56 excerpt-size-normal\">\n        2.9 trilyon yat\u0131r\u0131m, 1.8 trilyon personel, 4.6 trilyon transfer harcamalar\u0131na ayr\u0131ld\u0131. \u0130stanbul B\u00fcy\u00fck\u015fehir Belediyesi&#8217;nin 1993 y\u0131l\u0131 b\u00fct\u00e7esi 10 trilyon lira olarak kabul&hellip;    <\/div>\n        <\/div>\r\n<\/div><!-- .post-item-body -->\r\n\r\n\r\n    <\/div><!-- .post-item-inner -->\r\n\r\n<\/article><!-- .post-item -->\r\n<article class=\"wi-post post-item post-grid fox-grid-item style-title-hover-none post-65799 post type-post status-publish format-standard has-post-thumbnail hentry category-remzi-gokdag-cumhuriyet-haber-arsivi-1992 tag-1323\" itemscope itemtype=\"https:\/\/schema.org\/CreativeWork\">\r\n\r\n    <div class=\"post-item-inner grid-inner post-grid-inner\">\r\n\r\n        \r\n<div class=\"post-body post-item-body grid-body post-grid-body\">\r\n    <div class=\"post-body-inner\">\r\n        <div class=\"post-item-header\">    <h2 class=\"title56 component56 size-normal text-uppercase\">\n        <a href=\"https:\/\/www.remgo.com\/11\/sozen-dalan-savasi-dorduncu-yilinda\/\">\n            S\u00f6zen Dalan sava\u015f\u0131 d\u00f6rd\u00fcnc\u00fc y\u0131l\u0131nda        <\/a>\n    <\/h2>\n    <\/div>    <div class=\"excerpt56 component56 excerpt-size-normal\">\n        26 Mart 1989&#8217;da \u0130stanbul&#8217;da belediye ba\u015fkanl\u0131\u011f\u0131n\u0131 kazanan Nurettin S\u00f6zen&#8217;in eski ba\u015fkan Bedrettin Dalan&#8217;a kar\u015f\u0131 a\u00e7t\u0131\u011f\u0131 sava\u015f s\u00fcr\u00fcyor. Bu s\u00fcrede S\u00f6zen bir\u00e7ok yolsuzluk&hellip;    <\/div>\n        <\/div>\r\n<\/div><!-- .post-item-body -->\r\n\r\n\r\n    <\/div><!-- .post-item-inner -->\r\n\r\n<\/article><!-- .post-item -->\r\n<article class=\"wi-post post-item post-grid fox-grid-item style-title-hover-none post-65796 post type-post status-publish format-standard has-post-thumbnail hentry category-remzi-gokdag-cumhuriyet-haber-arsivi-1992 tag-1323\" itemscope itemtype=\"https:\/\/schema.org\/CreativeWork\">\r\n\r\n    <div class=\"post-item-inner grid-inner post-grid-inner\">\r\n\r\n        \r\n<div class=\"post-body post-item-body grid-body post-grid-body\">\r\n    <div class=\"post-body-inner\">\r\n        <div class=\"post-item-header\">    <h2 class=\"title56 component56 size-normal text-uppercase\">\n        <a href=\"https:\/\/www.remgo.com\/11\/park-otelin-yikimina-onay\/\">\n            Park Otel&#8217;in y\u0131k\u0131m\u0131na onay        <\/a>\n    <\/h2>\n    <\/div>    <div class=\"excerpt56 component56 excerpt-size-normal\">\n        Beyo\u011flu Belediyesi, y\u0131k\u0131m plan\u0131n\u0131 oybirli\u011fiyle kabul etti. Plana g\u00f6re in\u015faat\u0131n sekiz kat\u0131 y\u0131k\u0131larak otelin boyu k\u0131salt\u0131lacak. Park Otel&#8217;in fazla katlar\u0131n\u0131n y\u0131k\u0131m\u0131 i\u00e7in&hellip;    <\/div>\n        <\/div>\r\n<\/div><!-- .post-item-body -->\r\n\r\n\r\n    <\/div><!-- .post-item-inner -->\r\n\r\n<\/article><!-- .post-item -->\r\n<article class=\"wi-post post-item post-grid fox-grid-item style-title-hover-none post-65793 post type-post status-publish format-standard has-post-thumbnail hentry category-remzi-gokdag-cumhuriyet-haber-arsivi-1992 tag-1323\" itemscope itemtype=\"https:\/\/schema.org\/CreativeWork\">\r\n\r\n    <div class=\"post-item-inner grid-inner post-grid-inner\">\r\n\r\n        \r\n<div class=\"post-body post-item-body grid-body post-grid-body\">\r\n    <div class=\"post-body-inner\">\r\n        <div class=\"post-item-header\">    <h2 class=\"title56 component56 size-normal text-uppercase\">\n        <a href=\"https:\/\/www.remgo.com\/11\/bogazicinin-kaderi-yapi-polisinin-eline-veriliyor\/\">\n            Bo\u011fazi\u00e7i&#8217;nin kaderi Yap\u0131 Polisi&#8217;nin eline veriliyor        <\/a>\n    <\/h2>\n    <\/div>    <div class=\"excerpt56 component56 excerpt-size-normal\">\n        \u0130stanbul B\u00fcy\u00fck\u015fehir Belediyesi&#8217;nce haz\u0131rlanan Bo\u011fazi\u00e7i Yasas\u0131&#8217;nda, parasal cezalar\u0131n artt\u0131r\u0131lmas\u0131, yap\u0131 polisi olu\u015fturulmas\u0131, \u00f6ng\u00f6r\u00fcn\u00fcm, gerig\u00f6r\u00fcn\u00fcm ve S\u0130T alanlar\u0131n\u0131n kald\u0131r\u0131lmas\u0131 ve b\u00f6lgenin bir b\u00fct\u00fcn&hellip;    <\/div>\n        <\/div>\r\n<\/div><!-- .post-item-body -->\r\n\r\n\r\n    <\/div><!-- .post-item-inner -->\r\n\r\n<\/article><!-- .post-item -->\r\n<article class=\"wi-post post-item post-grid fox-grid-item style-title-hover-none post-65790 post type-post status-publish format-standard has-post-thumbnail hentry category-remzi-gokdag-cumhuriyet-haber-arsivi-1992 tag-1323\" itemscope itemtype=\"https:\/\/schema.org\/CreativeWork\">\r\n\r\n    <div class=\"post-item-inner grid-inner post-grid-inner\">\r\n\r\n        \r\n<div class=\"post-body post-item-body grid-body post-grid-body\">\r\n    <div class=\"post-body-inner\">\r\n        <div class=\"post-item-header\">    <h2 class=\"title56 component56 size-normal text-uppercase\">\n        <a href=\"https:\/\/www.remgo.com\/11\/iski-hezarfen-yikilmali\/\">\n            \u0130SK\u0130: Hezarfen y\u0131k\u0131lmal\u0131        <\/a>\n    <\/h2>\n    <\/div>    <div class=\"excerpt56 component56 excerpt-size-normal\">\n        \u0130SK\u0130&#8217;nin raporunda &#8220;Su kaynaklar\u0131m\u0131z\u0131n kirlenmesine sebep olaca\u011f\u0131 g\u00f6z \u00f6n\u00fcne al\u0131narak faaliyetten men edilmeli&#8221; denildi. A\u00e7\u0131l\u0131\u015f\u0131n\u0131 Cumhurba\u015fkan\u0131 Turgut \u00d6zal&#8217;\u0131n yapt\u0131\u011f\u0131 B\u00fcy\u00fck\u00e7ekmece G\u00f6l\u00fc kenar\u0131ndaki&hellip;    <\/div>\n        <\/div>\r\n<\/div><!-- .post-item-body -->\r\n\r\n\r\n    <\/div><!-- .post-item-inner -->\r\n\r\n<\/article><!-- .post-item -->\r\n<article class=\"wi-post post-item post-grid fox-grid-item style-title-hover-none post-65787 post type-post status-publish format-standard has-post-thumbnail hentry category-remzi-gokdag-cumhuriyet-haber-arsivi-1992 tag-1323\" itemscope itemtype=\"https:\/\/schema.org\/CreativeWork\">\r\n\r\n    <div class=\"post-item-inner grid-inner post-grid-inner\">\r\n\r\n        \r\n<div class=\"post-body post-item-body grid-body post-grid-body\">\r\n    <div class=\"post-body-inner\">\r\n        <div class=\"post-item-header\">    <h2 class=\"title56 component56 size-normal text-uppercase\">\n        <a href=\"https:\/\/www.remgo.com\/11\/belediye-muhabiri-gokdelene-karsi\/\">\n            Belediye muhabiri g\u00f6kdelene kar\u015f\u0131        <\/a>\n    <\/h2>\n    <\/div>    <div class=\"excerpt56 component56 excerpt-size-normal\">\n        Park Otel Olay\u0131 \u201cSemt sakinlerinin Cennet Bah\u00e7esindeki toplant\u0131s\u0131ndan \u00e7ok etkilenmi\u015ftim. Konunun pe\u015fini ondan sonra hi\u00e7 b\u0131rakmad\u0131m\u201d diyen bir gazeteci \u00e7abas\u0131. Rag\u0131p Duran&hellip;    <\/div>\n        <\/div>\r\n<\/div><!-- .post-item-body -->\r\n\r\n\r\n    <\/div><!-- .post-item-inner -->\r\n\r\n<\/article><!-- .post-item -->\r\n<article class=\"wi-post post-item post-grid fox-grid-item style-title-hover-none post-65784 post type-post status-publish format-standard has-post-thumbnail hentry category-remzi-gokdag-cumhuriyet-haber-arsivi-1992 tag-1323\" itemscope itemtype=\"https:\/\/schema.org\/CreativeWork\">\r\n\r\n    <div class=\"post-item-inner grid-inner post-grid-inner\">\r\n\r\n        \r\n<div class=\"post-body post-item-body grid-body post-grid-body\">\r\n    <div class=\"post-body-inner\">\r\n        <div class=\"post-item-header\">    <h2 class=\"title56 component56 size-normal text-uppercase\">\n        <a href=\"https:\/\/www.remgo.com\/11\/bir-kent-sucunun-belgesel-oykusu\/\">\n            Bir kent su\u00e7unun belgesel \u00f6yk\u00fcs\u00fc        <\/a>\n    <\/h2>\n    <\/div>    <div class=\"excerpt56 component56 excerpt-size-normal\">\n        Park Otel Olay\u0131 OKTAY EK\u0130NC\u0130 &#8211; Park Otel kitab\u0131, salt \u00e7irkin bir yap\u0131n\u0131n de\u011fil, uygarla\u015fma yolunda T\u00fcrkiye\u2019nin nerelerde oldu\u011funu g\u00f6stermesi bak\u0131m\u0131ndan da&hellip;    <\/div>\n        <\/div>\r\n<\/div><!-- .post-item-body -->\r\n\r\n\r\n    <\/div><!-- .post-item-inner -->\r\n\r\n<\/article><!-- .post-item -->\r\n<article class=\"wi-post post-item post-grid fox-grid-item style-title-hover-none post-65781 post type-post status-publish format-standard has-post-thumbnail hentry category-remzi-gokdag-cumhuriyet-haber-arsivi-1992 tag-1323\" itemscope itemtype=\"https:\/\/schema.org\/CreativeWork\">\r\n\r\n    <div class=\"post-item-inner grid-inner post-grid-inner\">\r\n\r\n        \r\n<div class=\"post-body post-item-body grid-body post-grid-body\">\r\n    <div class=\"post-body-inner\">\r\n        <div class=\"post-item-header\">    <h2 class=\"title56 component56 size-normal text-uppercase\">\n        <a href=\"https:\/\/www.remgo.com\/11\/matmazelin-gec-gelen-sevinci\/\">\n            Matmazelin ge\u00e7 gelen sevinci        <\/a>\n    <\/h2>\n    <\/div>    <div class=\"excerpt56 component56 excerpt-size-normal\">\n        Eurosini \u0130spiro\u011flu&#8217;na Beyo\u011flu Belediyesi yard\u0131m elini uzatt\u0131. Matmazelin ya\u015fam\u0131n\u0131 anlatan bir haberin \u00f6nceki g\u00fcnlerde gazetemiz de yay\u0131nlanmas\u0131n\u0131n ard\u0131ndan, kendisini ziyarete gelen misafirlerin&hellip;    <\/div>\n        <\/div>\r\n<\/div><!-- .post-item-body -->\r\n\r\n\r\n    <\/div><!-- .post-item-inner -->\r\n\r\n<\/article><!-- .post-item -->\r\n<article class=\"wi-post post-item post-grid fox-grid-item style-title-hover-none post-27 post type-post status-publish format-standard has-post-thumbnail hentry category-remzi-gokdag-cumhuriyet-haber-arsivi-1992 tag-cumhuriyet tag-matmazel\" itemscope itemtype=\"https:\/\/schema.org\/CreativeWork\">\r\n\r\n    <div class=\"post-item-inner grid-inner post-grid-inner\">\r\n\r\n        \r\n<div class=\"post-body post-item-body grid-body post-grid-body\">\r\n    <div class=\"post-body-inner\">\r\n        <div class=\"post-item-header\">    <h2 class=\"title56 component56 size-normal text-uppercase\">\n        <a href=\"https:\/\/www.remgo.com\/11\/matmazel\/\">\n            Son sahneyi oynuyor matmazel        <\/a>\n    <\/h2>\n    <\/div>    <div class=\"excerpt56 component56 excerpt-size-normal\">\n        Ya\u015fam \u00f6yk\u00fcs\u00fc t\u0131pk\u0131 bir film gibiydi, matmazelin. Kendi filminin ba\u015fkahraman\u0131yd\u0131. Ya\u015fad\u0131\u011f\u0131 y\u0131llar\u0131 \u00e7ok \u00f6zel bir c\u00fcmleyle \u00f6zetlemi\u015fti. Ne hayat\u2026&hellip;    <\/div>\n        <\/div>\r\n<\/div><!-- .post-item-body -->\r\n\r\n\r\n    <\/div><!-- .post-item-inner -->\r\n\r\n<\/article><!-- .post-item -->\r\n<article class=\"wi-post post-item post-grid fox-grid-item style-title-hover-none post-65775 post type-post status-publish format-standard has-post-thumbnail hentry category-remzi-gokdag-cumhuriyet-haber-arsivi-1992 tag-1323\" itemscope itemtype=\"https:\/\/schema.org\/CreativeWork\">\r\n\r\n    <div class=\"post-item-inner grid-inner post-grid-inner\">\r\n\r\n        \r\n<div class=\"post-body post-item-body grid-body post-grid-body\">\r\n    <div class=\"post-body-inner\">\r\n        <div class=\"post-item-header\">    <h2 class=\"title56 component56 size-normal text-uppercase\">\n        <a href=\"https:\/\/www.remgo.com\/11\/cumhuriyete-tazminat-davasi\/\">\n            Cumhuriyet&#8217;e tazminat davas\u0131        <\/a>\n    <\/h2>\n    <\/div>    <div class=\"excerpt56 component56 excerpt-size-normal\">\n        \u0130\u015fa dam\u0131 Mustafa S\u00fczer&#8217;in sahibi oldu\u011fu Dolmabah\u00e7e Turizm A.\u015e. &#8220;G\u00f6kkafes&#8221; in\u015faat\u0131yla ilgili bir haber nedeniyle Cumhuriyet Gazetesi ve Mimarlar Odas\u0131 \u0130stanbul B\u00fcy\u00fckkent&hellip;    <\/div>\n        <\/div>\r\n<\/div><!-- .post-item-body -->\r\n\r\n\r\n    <\/div><!-- .post-item-inner -->\r\n\r\n<\/article><!-- .post-item -->\r\n<article class=\"wi-post post-item post-grid fox-grid-item style-title-hover-none post-65772 post type-post status-publish format-standard has-post-thumbnail hentry category-remzi-gokdag-cumhuriyet-haber-arsivi-1992 tag-1323\" itemscope itemtype=\"https:\/\/schema.org\/CreativeWork\">\r\n\r\n    <div class=\"post-item-inner grid-inner post-grid-inner\">\r\n\r\n        \r\n<div class=\"post-body post-item-body grid-body post-grid-body\">\r\n    <div class=\"post-body-inner\">\r\n        <div class=\"post-item-header\">    <h2 class=\"title56 component56 size-normal text-uppercase\">\n        <a href=\"https:\/\/www.remgo.com\/11\/pierre-lotide-sessizligin-keyfi\/\">\n            Pierre Loti&#8217;de sessizli\u011fin keyfi        <\/a>\n    <\/h2>\n    <\/div>    <div class=\"excerpt56 component56 excerpt-size-normal\">\n        Uzun selvi a\u011fa\u00e7lar\u0131n\u0131n \u00e7evreledi\u011fi mezarl\u0131\u011f\u0131n i\u00e7inde bir kahvehane\u2026 \u0130stanbul&#8217;un tarihi bir kesitini ya\u015farken bir fincan kahve ya da bir bardak \u00e7ay i\u00e7mek&hellip;    <\/div>\n        <\/div>\r\n<\/div><!-- .post-item-body -->\r\n\r\n\r\n    <\/div><!-- .post-item-inner -->\r\n\r\n<\/article><!-- .post-item -->\r\n<article class=\"wi-post post-item post-grid fox-grid-item style-title-hover-none post-65769 post type-post status-publish format-standard has-post-thumbnail hentry category-remzi-gokdag-cumhuriyet-haber-arsivi-1992 tag-1323\" itemscope itemtype=\"https:\/\/schema.org\/CreativeWork\">\r\n\r\n    <div class=\"post-item-inner grid-inner post-grid-inner\">\r\n\r\n        \r\n<div class=\"post-body post-item-body grid-body post-grid-body\">\r\n    <div class=\"post-body-inner\">\r\n        <div class=\"post-item-header\">    <h2 class=\"title56 component56 size-normal text-uppercase\">\n        <a href=\"https:\/\/www.remgo.com\/11\/bakanlikta-park-otel-karmasasi\/\">\n            Bakanl\u0131kta &#8216;Park Otel&#8217; karma\u015fas\u0131        <\/a>\n    <\/h2>\n    <\/div>    <div class=\"excerpt56 component56 excerpt-size-normal\">\n        Turizm Bakanl\u0131\u011f\u0131, Dan\u0131\u015ftay&#8217;\u0131n in\u015faat\u0131 yasad\u0131\u015f\u0131 ilan eden karar\u0131na bakandan habersiz itiraz etti. Bakan Ate\u015f, &#8216;Olmaz b\u00f6yle \u015fey, sa\u00e7mal\u0131k&#8217; dedi. Dan\u0131\u015ftay&#8217;\u0131n Park Otel&#8217;i&hellip;    <\/div>\n        <\/div>\r\n<\/div><!-- .post-item-body -->\r\n\r\n\r\n    <\/div><!-- .post-item-inner -->\r\n\r\n<\/article><!-- .post-item -->\r\n<article class=\"wi-post post-item post-grid fox-grid-item style-title-hover-none post-65766 post type-post status-publish format-standard has-post-thumbnail hentry category-remzi-gokdag-cumhuriyet-haber-arsivi-1992 tag-1323\" itemscope itemtype=\"https:\/\/schema.org\/CreativeWork\">\r\n\r\n    <div class=\"post-item-inner grid-inner post-grid-inner\">\r\n\r\n        \r\n<div class=\"post-body post-item-body grid-body post-grid-body\">\r\n    <div class=\"post-body-inner\">\r\n        <div class=\"post-item-header\">    <h2 class=\"title56 component56 size-normal text-uppercase\">\n        <a href=\"https:\/\/www.remgo.com\/11\/mimarlar-istanbulla-davali\/\">\n            Mimarlar \u0130stanbul&#8217;la daval\u0131        <\/a>\n    <\/h2>\n    <\/div>    <div class=\"excerpt56 component56 excerpt-size-normal\">\n        \u0130stanbul Mimarlar Odas\u0131 kentte \u015fehircilik bilimine ayk\u0131r\u0131 buldu\u011fu uygulamalar i\u00e7in 16 dava a\u00e7t\u0131. \u0130stanbul&#8217;daki hukuk d\u0131\u015f\u0131 ve spek\u00fclatif yap\u0131la\u015fmaya kar\u015f\u0131 m\u00fccadele eden&hellip;    <\/div>\n        <\/div>\r\n<\/div><!-- .post-item-body -->\r\n\r\n\r\n    <\/div><!-- .post-item-inner -->\r\n\r\n<\/article><!-- .post-item -->\r\n<article class=\"wi-post post-item post-grid fox-grid-item style-title-hover-none post-65763 post type-post status-publish format-standard has-post-thumbnail hentry category-remzi-gokdag-cumhuriyet-haber-arsivi-1992 tag-1323\" itemscope itemtype=\"https:\/\/schema.org\/CreativeWork\">\r\n\r\n    <div class=\"post-item-inner grid-inner post-grid-inner\">\r\n\r\n        \r\n<div class=\"post-body post-item-body grid-body post-grid-body\">\r\n    <div class=\"post-body-inner\">\r\n        <div class=\"post-item-header\">    <h2 class=\"title56 component56 size-normal text-uppercase\">\n        <a href=\"https:\/\/www.remgo.com\/11\/yukselen-degerlerin-perde-arkasi\/\">\n            Y\u00fckselen de\u011ferlerin perde arkas\u0131        <\/a>\n    <\/h2>\n    <\/div>    <div class=\"excerpt56 component56 excerpt-size-normal\">\n        Mustafa S\u00fczer Dolmabah\u00e7e s\u0131rtlar\u0131ndaki ye\u015fil alan\u0131 Turgut \u00d6zal&#8217;\u0131n te\u015fvikiyle al\u0131r; 1983&#8217;te iktidar olan ANAP h\u00fck\u00fcmeti karar\u0131yla yap\u0131la\u015fmaya a\u00e7\u0131lan alan i\u00e7in G\u00f6kkafes yolu&hellip;    <\/div>\n        <\/div>\r\n<\/div><!-- .post-item-body -->\r\n\r\n\r\n    <\/div><!-- .post-item-inner -->\r\n\r\n<\/article><!-- .post-item -->\r\n<article class=\"wi-post post-item post-grid fox-grid-item style-title-hover-none post-65760 post type-post status-publish format-standard has-post-thumbnail hentry category-remzi-gokdag-cumhuriyet-haber-arsivi-1992 tag-1323\" itemscope itemtype=\"https:\/\/schema.org\/CreativeWork\">\r\n\r\n    <div class=\"post-item-inner grid-inner post-grid-inner\">\r\n\r\n        \r\n<div class=\"post-body post-item-body grid-body post-grid-body\">\r\n    <div class=\"post-body-inner\">\r\n        <div class=\"post-item-header\">    <h2 class=\"title56 component56 size-normal text-uppercase\">\n        <a href=\"https:\/\/www.remgo.com\/11\/mimarlarin-cevre-atagi\/\">\n            Mimarlar\u0131n \u00e7evre ata\u011f\u0131        <\/a>\n    <\/h2>\n    <\/div>    <div class=\"excerpt56 component56 excerpt-size-normal\">\n        Mimarlar Odas\u0131&#8217;na denetim i\u00e7in sunulan projelerin \u00e7evresel etkilerinin incelenmesi karar\u0131 al\u0131nd\u0131. Mimari projelerin denetiminde \u00c7evresel Etki De\u011ferlendirmesi (\u00c7ED) uygulamas\u0131na ge\u00e7ildi. T\u00fcrkiye M\u00fchendis&hellip;    <\/div>\n        <\/div>\r\n<\/div><!-- .post-item-body -->\r\n\r\n\r\n    <\/div><!-- .post-item-inner -->\r\n\r\n<\/article><!-- .post-item -->\r\n<article class=\"wi-post post-item post-grid fox-grid-item style-title-hover-none post-65757 post type-post status-publish format-standard has-post-thumbnail hentry category-remzi-gokdag-cumhuriyet-haber-arsivi-1992 tag-1323\" itemscope itemtype=\"https:\/\/schema.org\/CreativeWork\">\r\n\r\n    <div class=\"post-item-inner grid-inner post-grid-inner\">\r\n\r\n        \r\n<div class=\"post-body post-item-body grid-body post-grid-body\">\r\n    <div class=\"post-body-inner\">\r\n        <div class=\"post-item-header\">    <h2 class=\"title56 component56 size-normal text-uppercase\">\n        <a href=\"https:\/\/www.remgo.com\/11\/besiktas-kendi-besigine-tas-dikecek\/\">\n            Be\u015fikta\u015f, kendi be\u015fi\u011fine ta\u015f dikecek        <\/a>\n    <\/h2>\n    <\/div>    <div class=\"excerpt56 component56 excerpt-size-normal\">\n        BJK Plaza \u0130\u015f Merkezi in\u015faat\u0131: \u00dcniversite \u00e7evreleri, Be\u015fikta\u015f halk\u0131 ve Mimarlar Odas\u0131&#8217;n\u0131n, y\u00f6renin siluetini bozaca\u011f\u0131 ve \u015fehircilik bilimiyle ba\u011fda\u015fmad\u0131\u011f\u0131 gerek\u00e7eleriyle kar\u015f\u0131 \u00e7\u0131kt\u0131\u011f\u0131&hellip;    <\/div>\n        <\/div>\r\n<\/div><!-- .post-item-body -->\r\n\r\n\r\n    <\/div><!-- .post-item-inner -->\r\n\r\n<\/article><!-- .post-item -->\r\n<article class=\"wi-post post-item post-grid fox-grid-item style-title-hover-none post-65754 post type-post status-publish format-standard has-post-thumbnail hentry category-remzi-gokdag-cumhuriyet-haber-arsivi-1992 tag-1323\" itemscope itemtype=\"https:\/\/schema.org\/CreativeWork\">\r\n\r\n    <div class=\"post-item-inner grid-inner post-grid-inner\">\r\n\r\n        \r\n<div class=\"post-body post-item-body grid-body post-grid-body\">\r\n    <div class=\"post-body-inner\">\r\n        <div class=\"post-item-header\">    <h2 class=\"title56 component56 size-normal text-uppercase\">\n        <a href=\"https:\/\/www.remgo.com\/11\/sozenle-dalani-birlestiren-model\/\">\n            S\u00f6zen&#8217;le Dalan&#8217;\u0131 birle\u015ftiren model        <\/a>\n    <\/h2>\n    <\/div>    <div class=\"excerpt56 component56 excerpt-size-normal\">\n        Yerel y\u00f6netimin yetkisini artt\u0131rmay\u0131 \u00f6ng\u00f6ren &#8216;Yeni \u0130stanbul Modeli&#8217;ne \u015fehrin eski ve yeni belediye ba\u015fkanlar\u0131 &#8216;evet&#8217; dedi. \u0130stanbul B\u00fcy\u00fck\u015fehir Belediye Ba\u015fkan\u0131 Nurettin S\u00f6zen:&hellip;    <\/div>\n        <\/div>\r\n<\/div><!-- .post-item-body -->\r\n\r\n\r\n    <\/div><!-- .post-item-inner -->\r\n\r\n<\/article><!-- .post-item -->        \r\n    \r\n    <div class=\"fox-grid grid-lines column-2\">\r\n\r\n                <div class=\"grid-line fox-grid-item\">\r\n            <div class=\"grid-line-inner\"><\/div>\r\n        <\/div>\r\n                <div class=\"grid-line fox-grid-item\">\r\n            <div class=\"grid-line-inner\"><\/div>\r\n        <\/div>\r\n        \r\n    <\/div><!-- .grid-lines -->\r\n\r\n        \r\n    <\/div><!-- .fox-blog -->\r\n    \r\n    <div class=\"el-pagination\"><div class=\"pagination-inner\"><span aria-current=\"page\" class=\"page-numbers current\"><span>1<\/span><\/span>\n<a class=\"page-numbers\" href=\"https:\/\/www.remgo.com\/11\/wp-json\/wp\/v2\/pages\/97223\/page\/2\/\"><span>2<\/span><\/a>\n<a class=\"page-numbers\" href=\"https:\/\/www.remgo.com\/11\/wp-json\/wp\/v2\/pages\/97223\/page\/3\/\"><span>3<\/span><\/a>\n<a class=\"page-numbers\" href=\"https:\/\/www.remgo.com\/11\/wp-json\/wp\/v2\/pages\/97223\/page\/4\/\"><span>4<\/span><\/a>\n<a class=\"next page-numbers\" href=\"https:\/\/www.remgo.com\/11\/wp-json\/wp\/v2\/pages\/97223\/page\/2\/\"><span>\u0130leri<\/span><\/a><\/div><\/div>    \r\n<\/div><!-- .fox-blog-container -->\r\n\r\n    \t\t\t\t<\/div>\n\t\t\t\t<\/div>\n\t\t\t\t\t<\/div>\n\t\t<\/div>\n\t\t\t\t\t<\/div>\n\t\t<\/section>\n\t\t\t\t<\/div>\n\t\t","protected":false},"excerpt":{"rendered":"<p>1992 Cumhuriyet Haberleri\u200b Yang\u0131na mahk\u00fbm yal\u0131lar Ge\u00e7en g\u00fcnlerde Bo\u011faz&#8217;\u0131n \u00fc\u00e7 yal\u0131s\u0131 yanarak k\u00fcl oldu. Yang\u0131n\u0131n \u00e7\u0131k\u0131\u015f nedeni hen\u00fcz belirlenemedi ve olay kapand\u0131. \u00d6nce ya\u015fanan benzer olaylar gibi yanan \u0130stanbul&#8217;da &#8216;ta\u015f\u0131ta&#8217; yol kalmad\u0131 Ula\u015f\u0131m projeleri nedeniyle yollar\u0131n kapat\u0131lmas\u0131, trafi\u011fin aksamas\u0131na yol a\u00e7\u0131yor. Her g\u00fcn 4.5 milyon ki\u015finin ara\u00e7l\u0131 yolculuk yapt\u0131\u011f\u0131 \u0130stanbul&#8217;da, ula\u015f\u0131m sorunu, Kenti\u00e7i trafi\u011finde Park Otel&#8217;e otel olmama karar\u0131 Belediye meclisince kabul edilen Park Otel ile ilgili yeni Turizm Bakanl\u0131\u011f\u0131&#8217;n\u0131n onay\u0131n\u0131 bekliyor. Turizm Bakan\u0131 Abd\u00fclkadir Ate\u015f, karar\u0131n en k\u0131sa s\u00fcrede verilece\u011fini Yeni Galata K\u00f6pr\u00fcs\u00fc yar\u0131n ula\u015f\u0131m\u0131n hizmetinde \u0130stanbul&#8217;un bitmeyen k\u00f6pr\u00fcs\u00fc olarak bilinen yeni Galata K\u00f6pr\u00fcs\u00fc, yar\u0131n d\u00fczenlenecek bir t\u00f6renle trafi\u011fe<\/p>\n","protected":false},"author":1,"featured_media":0,"parent":97888,"menu_order":0,"comment_status":"closed","ping_status":"closed","template":"","meta":{"footnotes":""},"class_list":["post-97223","page","type-page","status-publish","hentry"],"_links":{"self":[{"href":"https:\/\/www.remgo.com\/11\/wp-json\/wp\/v2\/pages\/97223","targetHints":{"allow":["GET"]}}],"collection":[{"href":"https:\/\/www.remgo.com\/11\/wp-json\/wp\/v2\/pages"}],"about":[{"href":"https:\/\/www.remgo.com\/11\/wp-json\/wp\/v2\/types\/page"}],"author":[{"embeddable":true,"href":"https:\/\/www.remgo.com\/11\/wp-json\/wp\/v2\/users\/1"}],"replies":[{"embeddable":true,"href":"https:\/\/www.remgo.com\/11\/wp-json\/wp\/v2\/comments?post=97223"}],"version-history":[{"count":0,"href":"https:\/\/www.remgo.com\/11\/wp-json\/wp\/v2\/pages\/97223\/revisions"}],"up":[{"embeddable":true,"href":"https:\/\/www.remgo.com\/11\/wp-json\/wp\/v2\/pages\/97888"}],"wp:attachment":[{"href":"https:\/\/www.remgo.com\/11\/wp-json\/wp\/v2\/media?parent=97223"}],"curies":[{"name":"wp","href":"https:\/\/api.w.org\/{rel}","templated":true}]}}