{"id":97197,"date":"2024-04-28T16:54:36","date_gmt":"2024-04-28T13:54:36","guid":{"rendered":"https:\/\/www.remgo.com\/11\/?page_id=97197"},"modified":"2025-11-13T12:50:25","modified_gmt":"2025-11-13T09:50:25","slug":"remzi-gokdag-cumhuriyet-haber-arsivi-1993","status":"publish","type":"page","link":"https:\/\/www.remgo.com\/11\/gazete-arsivi\/remzi-gokdag-cumhuriyet-haber-arsivi-1993\/","title":{"rendered":"Remzi G\u00f6kda\u011f, Cumhuriyet Haber Ar\u015fivi 1993"},"content":{"rendered":"\t\t<div data-elementor-type=\"wp-page\" data-elementor-id=\"97197\" class=\"elementor elementor-97197\" data-elementor-post-type=\"page\">\n\t\t\t\t\t\t<section class=\"elementor-section elementor-top-section elementor-element elementor-element-5ead7992 elementor-section-boxed elementor-section-height-default elementor-section-height-default\" data-id=\"5ead7992\" data-element_type=\"section\" data-e-type=\"section\">\n\t\t\t\t\t\t<div class=\"elementor-container elementor-column-gap-default\">\n\t\t\t\t\t<div class=\"elementor-column elementor-col-100 elementor-top-column elementor-element elementor-element-b1729a9\" data-id=\"b1729a9\" data-element_type=\"column\" data-e-type=\"column\">\n\t\t\t<div class=\"elementor-widget-wrap elementor-element-populated\">\n\t\t\t\t\t\t<div class=\"elementor-element elementor-element-464f7a02 elementor-widget elementor-widget-spacer\" data-id=\"464f7a02\" data-element_type=\"widget\" data-e-type=\"widget\" data-widget_type=\"spacer.default\">\n\t\t\t\t<div class=\"elementor-widget-container\">\n\t\t\t\t\t\t\t<div class=\"elementor-spacer\">\n\t\t\t<div class=\"elementor-spacer-inner\"><\/div>\n\t\t<\/div>\n\t\t\t\t\t\t<\/div>\n\t\t\t\t<\/div>\n\t\t\t\t\t<\/div>\n\t\t<\/div>\n\t\t\t\t\t<\/div>\n\t\t<\/section>\n\t\t\t\t<section class=\"elementor-section elementor-top-section elementor-element elementor-element-39329736 elementor-section-boxed elementor-section-height-default elementor-section-height-default\" data-id=\"39329736\" data-element_type=\"section\" data-e-type=\"section\">\n\t\t\t\t\t\t<div class=\"elementor-container elementor-column-gap-default\">\n\t\t\t\t\t<div class=\"elementor-column elementor-col-100 elementor-top-column elementor-element elementor-element-173ac84a\" data-id=\"173ac84a\" data-element_type=\"column\" data-e-type=\"column\">\n\t\t\t<div class=\"elementor-widget-wrap elementor-element-populated\">\n\t\t\t\t\t\t<div class=\"elementor-element elementor-element-e123055 elementor-widget elementor-widget-text-editor\" data-id=\"e123055\" data-element_type=\"widget\" data-e-type=\"widget\" data-widget_type=\"text-editor.default\">\n\t\t\t\t<div class=\"elementor-widget-container\">\n\t\t\t\t\t\t\t\t\t<h4><span style=\"color: #ff0000;\">1993 Cumhuriyet Haberleri\u200b<\/span><\/h4>\t\t\t\t\t\t\t\t<\/div>\n\t\t\t\t<\/div>\n\t\t\t\t\t<\/div>\n\t\t<\/div>\n\t\t\t\t\t<\/div>\n\t\t<\/section>\n\t\t\t\t<section class=\"elementor-section elementor-top-section elementor-element elementor-element-332e7c47 elementor-section-boxed elementor-section-height-default elementor-section-height-default\" data-id=\"332e7c47\" data-element_type=\"section\" data-e-type=\"section\">\n\t\t\t\t\t\t<div class=\"elementor-container elementor-column-gap-default\">\n\t\t\t\t\t<div class=\"elementor-column elementor-col-100 elementor-top-column elementor-element elementor-element-4ed5ae2b\" data-id=\"4ed5ae2b\" data-element_type=\"column\" data-e-type=\"column\">\n\t\t\t<div class=\"elementor-widget-wrap elementor-element-populated\">\n\t\t\t\t\t\t<div class=\"elementor-element elementor-element-5bc3f30d align-left pagination-align-center elementor-widget elementor-widget-post-grid\" data-id=\"5bc3f30d\" data-element_type=\"widget\" data-e-type=\"widget\" data-widget_type=\"post-grid.default\">\n\t\t\t\t<div class=\"elementor-widget-container\">\n\t\t\t\t\t\r\n<div class=\"blog-container blog-container-grid blog-container-has-border\">\r\n    \r\n    <div class=\"wi-blog fox-blog blog-grid fox-grid blog-card-has-shadow column-2 spacing-predefined spacing-normal\">\r\n    \r\n    \r\n<article class=\"wi-post post-item post-grid fox-grid-item style-title-hover-none post-65023 post type-post status-publish format-standard has-post-thumbnail hentry category-remzi-gokdag-cumhuriyet-haber-arsivi-1993 tag-gokkafes tag-imar-affi tag-imar-plani tag-suzer-plaza\" itemscope itemtype=\"https:\/\/schema.org\/CreativeWork\">\r\n\r\n    <div class=\"post-item-inner grid-inner post-grid-inner\">\r\n\r\n        \r\n<div class=\"post-body post-item-body grid-body post-grid-body\">\r\n    <div class=\"post-body-inner\">\r\n        <div class=\"post-item-header\">    <h2 class=\"title56 component56 size-normal text-uppercase\">\n        <a href=\"https:\/\/www.remgo.com\/11\/bir-hukuk-davasinin-belgesel-oykusu\/\">\n            Bir hukuk davas\u0131n\u0131n belgesel \u00f6yk\u00fcs\u00fc        <\/a>\n    <\/h2>\n    <\/div>    <div class=\"excerpt56 component56 excerpt-size-normal\">\n        Dolmabah\u00e7e'nin ye\u015fil yama\u00e7lar\u0131nda y\u00fckselen G\u00f6kkafes, \"turizmi te\u015fvik\" ad\u0131na g\u00f6kdelen hakk\u0131n\u0131 koparan, buna kar\u015f\u0131 y\u00fczde 82'si \"ticaret merkezi\" olan ayr\u0131cal\u0131kl\u0131 bir i\u015fhan\u0131 projesi&hellip;    <\/div>\n        <\/div>\r\n<\/div><!-- .post-item-body -->\r\n\r\n\r\n    <\/div><!-- .post-item-inner -->\r\n\r\n<\/article><!-- .post-item -->\r\n<article class=\"wi-post post-item post-grid fox-grid-item style-title-hover-none post-65592 post type-post status-publish format-standard has-post-thumbnail hentry category-remzi-gokdag-cumhuriyet-haber-arsivi-1993 tag-1322 tag-gokkafes tag-suzer-plaza\" itemscope itemtype=\"https:\/\/schema.org\/CreativeWork\">\r\n\r\n    <div class=\"post-item-inner grid-inner post-grid-inner\">\r\n\r\n        \r\n<div class=\"post-body post-item-body grid-body post-grid-body\">\r\n    <div class=\"post-body-inner\">\r\n        <div class=\"post-item-header\">    <h2 class=\"title56 component56 size-normal text-uppercase\">\n        <a href=\"https:\/\/www.remgo.com\/11\/gokkafesin-sahibinin-actigi-dava-reddedildi\/\">\n            G\u00f6kkafes&#8217;in sahibinin a\u00e7t\u0131\u011f\u0131 dava reddedildi        <\/a>\n    <\/h2>\n    <\/div>    <div class=\"excerpt56 component56 excerpt-size-normal\">\n        Beton canavar &#8220;G\u00f6kkafes&#8221;in sahibi Mustafa S\u00fczer&#8217;in Mimarlar Odas\u0131 ile Cumhuriyet gazetesi aleyhine a\u00e7t\u0131\u011f\u0131 2 milyar liral\u0131k tazminat davas\u0131nda mahkeme, ret&#8221; karar\u0131 verdi.&hellip;    <\/div>\n        <\/div>\r\n<\/div><!-- .post-item-body -->\r\n\r\n\r\n    <\/div><!-- .post-item-inner -->\r\n\r\n<\/article><!-- .post-item -->\r\n<article class=\"wi-post post-item post-grid fox-grid-item style-title-hover-none post-28 post type-post status-publish format-standard has-post-thumbnail hentry category-remzi-gokdag-cumhuriyet-haber-arsivi-1993 tag-cumhuriyet tag-matmazel\" itemscope itemtype=\"https:\/\/schema.org\/CreativeWork\">\r\n\r\n    <div class=\"post-item-inner grid-inner post-grid-inner\">\r\n\r\n        \r\n<div class=\"post-body post-item-body grid-body post-grid-body\">\r\n    <div class=\"post-body-inner\">\r\n        <div class=\"post-item-header\">    <h2 class=\"title56 component56 size-normal text-uppercase\">\n        <a href=\"https:\/\/www.remgo.com\/11\/matmazelin-huzunlu-bakislari-artik-yok\/\">\n            Matmazelin h\u00fcz\u00fcnl\u00fc bak\u0131\u015flar\u0131 art\u0131k yok        <\/a>\n    <\/h2>\n    <\/div>    <div class=\"excerpt56 component56 excerpt-size-normal\">\n        Artist oynar ama ben ya\u015fad\u0131m. Filmi ya\u015fad\u0131m. Daha ka\u00e7 sene daha ya\u015fayaca\u011f\u0131m ki. Ama hayat \u00e7ok g\u00fczel. 81 ya\u015f\u0131ndaki kimsesiz bir kad\u0131n\u0131n&hellip;    <\/div>\n        <\/div>\r\n<\/div><!-- .post-item-body -->\r\n\r\n\r\n    <\/div><!-- .post-item-inner -->\r\n\r\n<\/article><!-- .post-item -->\r\n<article class=\"wi-post post-item post-grid fox-grid-item style-title-hover-none post-65620 post type-post status-publish format-standard has-post-thumbnail hentry category-remzi-gokdag-cumhuriyet-haber-arsivi-1993 tag-1322\" itemscope itemtype=\"https:\/\/schema.org\/CreativeWork\">\r\n\r\n    <div class=\"post-item-inner grid-inner post-grid-inner\">\r\n\r\n        \r\n<div class=\"post-body post-item-body grid-body post-grid-body\">\r\n    <div class=\"post-body-inner\">\r\n        <div class=\"post-item-header\">    <h2 class=\"title56 component56 size-normal text-uppercase\">\n        <a href=\"https:\/\/www.remgo.com\/11\/cgd-odullerini-kazananlar-belirlendi\/\">\n            \u00c7GD \u00f6d\u00fcllerini kazananlar belirlendi        <\/a>\n    <\/h2>\n    <\/div>    <div class=\"excerpt56 component56 excerpt-size-normal\">\n        \u00c7a\u011fda\u015f Gazeteciler Derne\u011fi \u0130stanbul \u015eubesi taraf\u0131ndan d\u00fczenlenen &#8216;Kent ve Ya\u015fam \u00f6d\u00fcllerini kazananlar belli oldu. 1992 y\u0131l\u0131nda, kent ve ya\u015fam\u0131n \u00e7a\u011fda\u015fla\u015fmas\u0131ndaki katk\u0131lar\u0131ndan \u00f6t\u00fcr\u00fc,&hellip;    <\/div>\n        <\/div>\r\n<\/div><!-- .post-item-body -->\r\n\r\n\r\n    <\/div><!-- .post-item-inner -->\r\n\r\n<\/article><!-- .post-item -->\r\n<article class=\"wi-post post-item post-grid fox-grid-item style-title-hover-none post-58317 post type-post status-publish format-standard has-post-thumbnail hentry category-remzi-gokdag-cumhuriyet-haber-arsivi-1993 tag-cgd-odulleri tag-remzi-gokdag\" itemscope itemtype=\"https:\/\/schema.org\/CreativeWork\">\r\n\r\n    <div class=\"post-item-inner grid-inner post-grid-inner\">\r\n\r\n        \r\n<div class=\"post-body post-item-body grid-body post-grid-body\">\r\n    <div class=\"post-body-inner\">\r\n        <div class=\"post-item-header\">    <h2 class=\"title56 component56 size-normal text-uppercase\">\n        <a href=\"https:\/\/www.remgo.com\/11\/cgd-odulleri-sahiplerini-buldu\/\">\n            \u00c7GD \u00f6d\u00fclleri sahiplerini buldu        <\/a>\n    <\/h2>\n    <\/div>    <div class=\"excerpt56 component56 excerpt-size-normal\">\n        \u0130stanbul Haber Servisi&#8211; \u00c7a\u011fda\u015f Gazeteciler Derne\u011fi&#8217;nin d\u00fczenledi\u011fi Kent ve Ya\u015fam 92 \u00f6d\u00fclleri, d\u00fcn gece Atat\u00fcrk K\u00fclt\u00fcr Merkezi&#8217;nde d\u00fczenlenen bir t\u00f6renle sahiplerine verildi.&hellip;    <\/div>\n        <\/div>\r\n<\/div><!-- .post-item-body -->\r\n\r\n\r\n    <\/div><!-- .post-item-inner -->\r\n\r\n<\/article><!-- .post-item -->\r\n<article class=\"wi-post post-item post-grid fox-grid-item style-title-hover-none post-65617 post type-post status-publish format-standard has-post-thumbnail hentry category-remzi-gokdag-cumhuriyet-haber-arsivi-1993 tag-1322\" itemscope itemtype=\"https:\/\/schema.org\/CreativeWork\">\r\n\r\n    <div class=\"post-item-inner grid-inner post-grid-inner\">\r\n\r\n        \r\n<div class=\"post-body post-item-body grid-body post-grid-body\">\r\n    <div class=\"post-body-inner\">\r\n        <div class=\"post-item-header\">    <h2 class=\"title56 component56 size-normal text-uppercase\">\n        <a href=\"https:\/\/www.remgo.com\/11\/sessizligin-doyumsuz-tadi\/\">\n            Sessizli\u011fin doyumsuz tad\u0131        <\/a>\n    <\/h2>\n    <\/div>    <div class=\"excerpt56 component56 excerpt-size-normal\">\n        Ad\u0131 Adatepe. K\u00fc\u00e7\u00fck bir k\u00f6y. 50 evi var yok\u2026 \u00d6zelli\u011fi terkedilmi\u015f olmas\u0131. Ege&#8217;nin bu esrarengiz k\u00f6y\u00fcnde zaman sanki durmu\u015f. S\u0131rt\u0131n\u0131 da\u011flara dayam\u0131\u015f&hellip;    <\/div>\n        <\/div>\r\n<\/div><!-- .post-item-body -->\r\n\r\n\r\n    <\/div><!-- .post-item-inner -->\r\n\r\n<\/article><!-- .post-item -->\r\n<article class=\"wi-post post-item post-grid fox-grid-item style-title-hover-none post-65614 post type-post status-publish format-standard has-post-thumbnail hentry category-remzi-gokdag-cumhuriyet-haber-arsivi-1993 tag-1322\" itemscope itemtype=\"https:\/\/schema.org\/CreativeWork\">\r\n\r\n    <div class=\"post-item-inner grid-inner post-grid-inner\">\r\n\r\n        \r\n<div class=\"post-body post-item-body grid-body post-grid-body\">\r\n    <div class=\"post-body-inner\">\r\n        <div class=\"post-item-header\">    <h2 class=\"title56 component56 size-normal text-uppercase\">\n        <a href=\"https:\/\/www.remgo.com\/11\/ne-kadar-cok-turist-o-kadar-cok-doviz\/\">\n            Ne kadar \u00e7ok turist o kadar \u00e7ok d\u00f6viz        <\/a>\n    <\/h2>\n    <\/div>    <div class=\"excerpt56 component56 excerpt-size-normal\">\n        Kilometrelerce uzunlu\u011fundaki sahilleri, g\u00f6ky\u00fcz\u00fcyle kucakla\u015fan da\u011flan, binlerce y\u0131ll\u0131k tarihiyle T\u00fcrkiye bir turizm mevsimine daha merhaba diyor. De\u011fi\u015fen turizm anlay\u0131\u015f\u0131na g\u00f6re 1993 y\u0131l\u0131&hellip;    <\/div>\n        <\/div>\r\n<\/div><!-- .post-item-body -->\r\n\r\n\r\n    <\/div><!-- .post-item-inner -->\r\n\r\n<\/article><!-- .post-item -->\r\n<article class=\"wi-post post-item post-grid fox-grid-item style-title-hover-none post-65611 post type-post status-publish format-standard has-post-thumbnail hentry category-remzi-gokdag-cumhuriyet-haber-arsivi-1993 tag-1322\" itemscope itemtype=\"https:\/\/schema.org\/CreativeWork\">\r\n\r\n    <div class=\"post-item-inner grid-inner post-grid-inner\">\r\n\r\n        \r\n<div class=\"post-body post-item-body grid-body post-grid-body\">\r\n    <div class=\"post-body-inner\">\r\n        <div class=\"post-item-header\">    <h2 class=\"title56 component56 size-normal text-uppercase\">\n        <a href=\"https:\/\/www.remgo.com\/11\/fatih-bakanlik-kurdurtan-belediye\/\">\n            Fatih: Bakanl\u0131k kurdurtan belediye        <\/a>\n    <\/h2>\n    <\/div>    <div class=\"excerpt56 component56 excerpt-size-normal\">\n        Yerel Y\u00f6netimlerin 4 Y\u0131l\u0131 Fatih Belediyesi, \u00f6nce \u00c7evre Bakanl\u0131\u011f\u0131&#8217;n\u0131n kurulmas\u0131 i\u00e7in t\u00fcm belediyeleri kapsayan bir imza kampanyas\u0131 d\u00fczenledi. Kampanyaya yerel y\u00f6netimlerin kat\u0131l\u0131m\u0131&hellip;    <\/div>\n        <\/div>\r\n<\/div><!-- .post-item-body -->\r\n\r\n\r\n    <\/div><!-- .post-item-inner -->\r\n\r\n<\/article><!-- .post-item -->\r\n<article class=\"wi-post post-item post-grid fox-grid-item style-title-hover-none post-65608 post type-post status-publish format-standard has-post-thumbnail hentry category-remzi-gokdag-cumhuriyet-haber-arsivi-1993 tag-1322\" itemscope itemtype=\"https:\/\/schema.org\/CreativeWork\">\r\n\r\n    <div class=\"post-item-inner grid-inner post-grid-inner\">\r\n\r\n        \r\n<div class=\"post-body post-item-body grid-body post-grid-body\">\r\n    <div class=\"post-body-inner\">\r\n        <div class=\"post-item-header\">    <h2 class=\"title56 component56 size-normal text-uppercase\">\n        <a href=\"https:\/\/www.remgo.com\/11\/sariyerde-imar-oyunlari-rezaleti\/\">\n            Sar\u0131yer&#8217;de imar oyunlar\u0131 rezaleti        <\/a>\n    <\/h2>\n    <\/div>    <div class=\"excerpt56 component56 excerpt-size-normal\">\n        Yerel Y\u00f6netimlerin 4 y\u0131l\u0131 \u0130stanbul&#8217;un en \u00e7ok rant gelir getiren bu b\u00f6lgesi iki belediye ba\u015fkan\u0131 yedi Bo\u011faz\u2019\u0131n incisi Sar\u0131yer&#8217;de g\u00f6rev yapan belediye&hellip;    <\/div>\n        <\/div>\r\n<\/div><!-- .post-item-body -->\r\n\r\n\r\n    <\/div><!-- .post-item-inner -->\r\n\r\n<\/article><!-- .post-item -->\r\n<article class=\"wi-post post-item post-grid fox-grid-item style-title-hover-none post-65605 post type-post status-publish format-standard has-post-thumbnail hentry category-remzi-gokdag-cumhuriyet-haber-arsivi-1993 tag-1322\" itemscope itemtype=\"https:\/\/schema.org\/CreativeWork\">\r\n\r\n    <div class=\"post-item-inner grid-inner post-grid-inner\">\r\n\r\n        \r\n<div class=\"post-body post-item-body grid-body post-grid-body\">\r\n    <div class=\"post-body-inner\">\r\n        <div class=\"post-item-header\">    <h2 class=\"title56 component56 size-normal text-uppercase\">\n        <a href=\"https:\/\/www.remgo.com\/11\/baskan-sozen-boy-hedefi\/\">\n            Ba\u015fkan S\u00f6zen boy hedefi        <\/a>\n    <\/h2>\n    <\/div>    <div class=\"excerpt56 component56 excerpt-size-normal\">\n        \u0130stanbul&#8217;da S\u00f6zen&#8217;e cephe alan baz\u0131 SHP&#8217;li belediyeler \u00f6zlenen hizmeti veremiyor 26 Mart 1989&#8217;un ertesinde \u0130stanbul&#8217;da y\u00f6netimi alan SHP&#8217;li belediye ba\u015fkanlar\u0131 aradan ge\u00e7en&hellip;    <\/div>\n        <\/div>\r\n<\/div><!-- .post-item-body -->\r\n\r\n\r\n    <\/div><!-- .post-item-inner -->\r\n\r\n<\/article><!-- .post-item -->\r\n<article class=\"wi-post post-item post-grid fox-grid-item style-title-hover-none post-65602 post type-post status-publish format-standard has-post-thumbnail hentry category-remzi-gokdag-cumhuriyet-haber-arsivi-1993 tag-1322\" itemscope itemtype=\"https:\/\/schema.org\/CreativeWork\">\r\n\r\n    <div class=\"post-item-inner grid-inner post-grid-inner\">\r\n\r\n        \r\n<div class=\"post-body post-item-body grid-body post-grid-body\">\r\n    <div class=\"post-body-inner\">\r\n        <div class=\"post-item-header\">    <h2 class=\"title56 component56 size-normal text-uppercase\">\n        <a href=\"https:\/\/www.remgo.com\/11\/istanbulun-kurtaricisi-sozen\/\">\n            \u0130stanbul&#8217;un kurtar\u0131c\u0131s\u0131 S\u00f6zen        <\/a>\n    <\/h2>\n    <\/div>    <div class=\"excerpt56 component56 excerpt-size-normal\">\n        Mart 1989 se\u00e7imleriyle i\u015fba\u015f\u0131na gelen yerel y\u00f6netimler d\u00f6rd\u00fcnc\u00fc y\u0131l\u0131n\u0131 doldurdu. SHP&#8217;nin b\u00fcy\u00fck bir \u00fcst\u00fcnl\u00fckle \u00e7\u0131kt\u0131\u011f\u0131 yerel se\u00e7imler sonras\u0131 belediyeleri bekleyen sorunlar 26&hellip;    <\/div>\n        <\/div>\r\n<\/div><!-- .post-item-body -->\r\n\r\n\r\n    <\/div><!-- .post-item-inner -->\r\n\r\n<\/article><!-- .post-item -->\r\n<article class=\"wi-post post-item post-grid fox-grid-item style-title-hover-none post-65599 post type-post status-publish format-standard has-post-thumbnail hentry category-remzi-gokdag-cumhuriyet-haber-arsivi-1993 tag-1322\" itemscope itemtype=\"https:\/\/schema.org\/CreativeWork\">\r\n\r\n    <div class=\"post-item-inner grid-inner post-grid-inner\">\r\n\r\n        \r\n<div class=\"post-body post-item-body grid-body post-grid-body\">\r\n    <div class=\"post-body-inner\">\r\n        <div class=\"post-item-header\">    <h2 class=\"title56 component56 size-normal text-uppercase\">\n        <a href=\"https:\/\/www.remgo.com\/11\/120-yillik-ruya-icin-ilk-ciddi-adim-atildi\/\">\n            120 y\u0131ll\u0131k r\u00fcya i\u00e7in ilk ciddi ad\u0131m at\u0131ld\u0131        <\/a>\n    <\/h2>\n    <\/div>    <div class=\"excerpt56 component56 excerpt-size-normal\">\n        Kentin 12 ayr\u0131 yerinde kaz\u0131 \u00e7al\u0131\u015fmalar\u0131 s\u00fcr\u00fcyor. Belediye 1993 y\u0131l\u0131 b\u00fct\u00e7esinden projeye 581 milyar lira ay\u0131rd\u0131. Taksim 4.Levent aras\u0131ndaki b\u00f6l\u00fcm bug\u00fcn halk\u0131n&hellip;    <\/div>\n        <\/div>\r\n<\/div><!-- .post-item-body -->\r\n\r\n\r\n    <\/div><!-- .post-item-inner -->\r\n\r\n<\/article><!-- .post-item -->\r\n<article class=\"wi-post post-item post-grid fox-grid-item style-title-hover-none post-65596 post type-post status-publish format-standard has-post-thumbnail hentry category-remzi-gokdag-cumhuriyet-haber-arsivi-1993 tag-1322\" itemscope itemtype=\"https:\/\/schema.org\/CreativeWork\">\r\n\r\n    <div class=\"post-item-inner grid-inner post-grid-inner\">\r\n\r\n        \r\n<div class=\"post-body post-item-body grid-body post-grid-body\">\r\n    <div class=\"post-body-inner\">\r\n        <div class=\"post-item-header\">    <h2 class=\"title56 component56 size-normal text-uppercase\">\n        <a href=\"https:\/\/www.remgo.com\/11\/adalarda-betonlasmaya-fren\/\">\n            Adalar&#8217;da betonla\u015fmaya fren        <\/a>\n    <\/h2>\n    <\/div>    <div class=\"excerpt56 component56 excerpt-size-normal\">\n        Koruma ama\u00e7l\u0131 imar plan\u0131 kabul edilinceye kadar yap\u0131la\u015fma ruhsat\u0131 verilmeyecek \u0130stanbul 3 Numaral\u0131 K\u00fclt\u00fcr ve Tabiat Varl\u0131klar\u0131n\u0131 Koruma Kurulu&#8217;nun ald\u0131\u011f\u0131 Burgazada, Heybeliada&hellip;    <\/div>\n        <\/div>\r\n<\/div><!-- .post-item-body -->\r\n\r\n\r\n    <\/div><!-- .post-item-inner -->\r\n\r\n<\/article><!-- .post-item -->\r\n<article class=\"wi-post post-item post-grid fox-grid-item style-title-hover-none post-65586 post type-post status-publish format-standard has-post-thumbnail hentry category-remzi-gokdag-cumhuriyet-haber-arsivi-1993 tag-1322\" itemscope itemtype=\"https:\/\/schema.org\/CreativeWork\">\r\n\r\n    <div class=\"post-item-inner grid-inner post-grid-inner\">\r\n\r\n        \r\n<div class=\"post-body post-item-body grid-body post-grid-body\">\r\n    <div class=\"post-body-inner\">\r\n        <div class=\"post-item-header\">    <h2 class=\"title56 component56 size-normal text-uppercase\">\n        <a href=\"https:\/\/www.remgo.com\/11\/islah-adi-altinda-yagma-planlari\/\">\n            Islah ad\u0131 alt\u0131nda ya\u011fma planlar\u0131        <\/a>\n    <\/h2>\n    <\/div>    <div class=\"excerpt56 component56 excerpt-size-normal\">\n        Bo\u011fazi\u00e7i tepelerinden \u00c7\u0131r\u00e7\u0131r suyuna kadar binlerce metrekare ye\u015fil alan\u0131 imara a\u00e7mak i\u00e7in haz\u0131rlanan 9 plandan olarak 8&#8217;i B\u00fcy\u00fck\u015fehir Belediyesi&#8217;nce reddedildi. Sar\u0131yer Belediyesi&#8217;nde&hellip;    <\/div>\n        <\/div>\r\n<\/div><!-- .post-item-body -->\r\n\r\n\r\n    <\/div><!-- .post-item-inner -->\r\n\r\n<\/article><!-- .post-item -->\r\n<article class=\"wi-post post-item post-grid fox-grid-item style-title-hover-none post-65583 post type-post status-publish format-standard has-post-thumbnail hentry category-remzi-gokdag-cumhuriyet-haber-arsivi-1993 tag-1322\" itemscope itemtype=\"https:\/\/schema.org\/CreativeWork\">\r\n\r\n    <div class=\"post-item-inner grid-inner post-grid-inner\">\r\n\r\n        \r\n<div class=\"post-body post-item-body grid-body post-grid-body\">\r\n    <div class=\"post-body-inner\">\r\n        <div class=\"post-item-header\">    <h2 class=\"title56 component56 size-normal text-uppercase\">\n        <a href=\"https:\/\/www.remgo.com\/11\/yerel-yonetim-reform-bekliyor\/\">\n            Yerel y\u00f6netim reform bekliyor        <\/a>\n    <\/h2>\n    <\/div>    <div class=\"excerpt56 component56 excerpt-size-normal\">\n        \u0130\u00e7i\u015fleri Bakanl\u0131\u011f\u0131&#8217;nca haz\u0131rlanan ancak hen\u00fcz yasalla\u015famayan &#8220;Yerel Y\u00f6netimler Reform Tasar\u0131s\u0131&#8221; yasalla\u015faca\u011f\u0131 g\u00fcn\u00fc beklerken, anayasada yap\u0131lmas\u0131 d\u00fc\u015f\u00fcn\u00fclen de\u011fi\u015fiklikten yerel y\u00f6netimler de yararlanmak istiyor.&hellip;    <\/div>\n        <\/div>\r\n<\/div><!-- .post-item-body -->\r\n\r\n\r\n    <\/div><!-- .post-item-inner -->\r\n\r\n<\/article><!-- .post-item -->\r\n<article class=\"wi-post post-item post-grid fox-grid-item style-title-hover-none post-58288 post type-post status-publish format-standard has-post-thumbnail hentry category-remzi-gokdag-cumhuriyet-haber-arsivi-1993 tag-cetin-emec-odulu tag-matmazel tag-son-sahne\" itemscope itemtype=\"https:\/\/schema.org\/CreativeWork\">\r\n\r\n    <div class=\"post-item-inner grid-inner post-grid-inner\">\r\n\r\n        \r\n<div class=\"post-body post-item-body grid-body post-grid-body\">\r\n    <div class=\"post-body-inner\">\r\n        <div class=\"post-item-header\">    <h2 class=\"title56 component56 size-normal text-uppercase\">\n        <a href=\"https:\/\/www.remgo.com\/11\/emec-odulleri-sahiplerini-buldu\/\">\n            Eme\u00e7 \u00d6d\u00fclleri sahiplerini buldu        <\/a>\n    <\/h2>\n    <\/div>    <div class=\"excerpt56 component56 excerpt-size-normal\">\n        \u00d6d\u00fcl kazand\u0131\u011f\u0131m\u0131 a\u015fa\u011f\u0131daki haberle \u00f6\u011frenmi\u015ftim \u0130STANBUL(AA)- \u00dc\u00e7 y\u0131l \u00f6nce u\u011frad\u0131\u011f\u0131 silahl\u0131 sald\u0131n sonucu \u00f6ld\u00fcr\u00fclen H\u00fcrriyet Gazetesi Y\u00f6neim Kurulu \u00fcyesi ve yazar\u0131 \u00c7etin&hellip;    <\/div>\n        <\/div>\r\n<\/div><!-- .post-item-body -->\r\n\r\n\r\n    <\/div><!-- .post-item-inner -->\r\n\r\n<\/article><!-- .post-item -->\r\n<article class=\"wi-post post-item post-grid fox-grid-item style-title-hover-none post-65623 post type-post status-publish format-standard has-post-thumbnail hentry category-remzi-gokdag-cumhuriyet-haber-arsivi-1993 tag-1322\" itemscope itemtype=\"https:\/\/schema.org\/CreativeWork\">\r\n\r\n    <div class=\"post-item-inner grid-inner post-grid-inner\">\r\n\r\n        \r\n<div class=\"post-body post-item-body grid-body post-grid-body\">\r\n    <div class=\"post-body-inner\">\r\n        <div class=\"post-item-header\">    <h2 class=\"title56 component56 size-normal text-uppercase\">\n        <a href=\"https:\/\/www.remgo.com\/11\/haseki-cukuru-hastaneyi-catlatti-sira-komsularda\/\">\n            Haseki \u00e7ukuru hastaneyi \u00e7atlatt\u0131, s\u0131ra kom\u015fularda        <\/a>\n    <\/h2>\n    <\/div>    <div class=\"excerpt56 component56 excerpt-size-normal\">\n        Haseki Hastanesi&#8217;nin bah\u00e7esinde iki y\u0131l \u00f6nce kaz\u0131lan in\u015faat \u00e7ukurunda \u00e7atlaklar meydana geldi. Bakanl\u0131\u011f\u0131n ek \u00f6denek vermemesi nedeniyle in\u015faata devam edilemiyor. Hastanenin cerrahi&hellip;    <\/div>\n        <\/div>\r\n<\/div><!-- .post-item-body -->\r\n\r\n\r\n    <\/div><!-- .post-item-inner -->\r\n\r\n<\/article><!-- .post-item -->\r\n<article class=\"wi-post post-item post-grid fox-grid-item style-title-hover-none post-65577 post type-post status-publish format-standard has-post-thumbnail hentry category-remzi-gokdag-cumhuriyet-haber-arsivi-1993 tag-1322\" itemscope itemtype=\"https:\/\/schema.org\/CreativeWork\">\r\n\r\n    <div class=\"post-item-inner grid-inner post-grid-inner\">\r\n\r\n        \r\n<div class=\"post-body post-item-body grid-body post-grid-body\">\r\n    <div class=\"post-body-inner\">\r\n        <div class=\"post-item-header\">    <h2 class=\"title56 component56 size-normal text-uppercase\">\n        <a href=\"https:\/\/www.remgo.com\/11\/65577-2\/\">\n            \u00c7a\u011fda\u015f Piramid&#8217;e y\u0131k\u0131m karar\u0131        <\/a>\n    <\/h2>\n    <\/div>    <div class=\"excerpt56 component56 excerpt-size-normal\">\n        Fenerbah\u00e7e Burnu&#8217;nda k\u0131y\u0131 ku\u015fa\u011f\u0131m\u0131 yap\u0131la\u015fmaya a\u00e7an Kad\u0131k\u00f6y Belediye Meclisi karar\u0131n\u0131 ge\u00e7ersiz sayan mahkeme, Kad\u0131k\u00f6y Belediyesi&#8217;nin tutumunu &#8220;hukuka ayk\u0131n\u0131&#8221; olarak nitelendirdi. Mahkeme karar\u0131na&hellip;    <\/div>\n        <\/div>\r\n<\/div><!-- .post-item-body -->\r\n\r\n\r\n    <\/div><!-- .post-item-inner -->\r\n\r\n<\/article><!-- .post-item -->\r\n<article class=\"wi-post post-item post-grid fox-grid-item style-title-hover-none post-65574 post type-post status-publish format-standard has-post-thumbnail hentry category-remzi-gokdag-cumhuriyet-haber-arsivi-1993 tag-1322\" itemscope itemtype=\"https:\/\/schema.org\/CreativeWork\">\r\n\r\n    <div class=\"post-item-inner grid-inner post-grid-inner\">\r\n\r\n        \r\n<div class=\"post-body post-item-body grid-body post-grid-body\">\r\n    <div class=\"post-body-inner\">\r\n        <div class=\"post-item-header\">    <h2 class=\"title56 component56 size-normal text-uppercase\">\n        <a href=\"https:\/\/www.remgo.com\/11\/komur-pazarinda-kirlilik-kavgasi\/\">\n            K\u00f6m\u00fcr pazar\u0131nda \u2018kirlilik&#8217; kavgas\u0131        <\/a>\n    <\/h2>\n    <\/div>    <div class=\"excerpt56 component56 excerpt-size-normal\">\n        \u0130stanbul&#8217;da sat\u0131\u015f\u0131 yasaklanan petrokokun ithalat\u00e7\u0131lar\u0131 ile linyit \u00e7\u0131karan \u015firketler kap\u0131\u015ft\u0131 \u0130stanbul Valili\u011fi&#8217;nin \u00f6nceki g\u00fcn ald\u0131\u011f\u0131 kararla petrokok sat\u0131\u015f\u0131n\u0131 yasaklamas\u0131 100 milyon dolarl\u0131k&hellip;    <\/div>\n        <\/div>\r\n<\/div><!-- .post-item-body -->\r\n\r\n\r\n    <\/div><!-- .post-item-inner -->\r\n\r\n<\/article><!-- .post-item -->\r\n<article class=\"wi-post post-item post-grid fox-grid-item style-title-hover-none post-65569 post type-post status-publish format-standard has-post-thumbnail hentry category-remzi-gokdag-cumhuriyet-haber-arsivi-1993 tag-1322\" itemscope itemtype=\"https:\/\/schema.org\/CreativeWork\">\r\n\r\n    <div class=\"post-item-inner grid-inner post-grid-inner\">\r\n\r\n        \r\n<div class=\"post-body post-item-body grid-body post-grid-body\">\r\n    <div class=\"post-body-inner\">\r\n        <div class=\"post-item-header\">    <h2 class=\"title56 component56 size-normal text-uppercase\">\n        <a href=\"https:\/\/www.remgo.com\/11\/65569-2\/\">\n            Turizm merkezi ilan yetkisini kald\u0131rmay\u0131z        <\/a>\n    <\/h2>\n    <\/div>    <div class=\"excerpt56 component56 excerpt-size-normal\">\n        Turizm Bakan\u0131 Abd\u00fclkadir Ate\u015f, ANAP d\u00f6neminde yanl\u0131\u015f kullan\u0131ld\u0131\u011f\u0131n\u0131 iddia etti\u011fi Turizm Merkezi \u0130lan Etme Yetkisi&#8221;ni iptal etmeyi d\u00fc\u015f\u00fcnmediklerini s\u00f6yledi. Turizmi Yasas\u0131&#8217;n\u0131n ve&hellip;    <\/div>\n        <\/div>\r\n<\/div><!-- .post-item-body -->\r\n\r\n\r\n    <\/div><!-- .post-item-inner -->\r\n\r\n<\/article><!-- .post-item -->        \r\n    \r\n    <div class=\"fox-grid grid-lines column-2\">\r\n\r\n                <div class=\"grid-line fox-grid-item\">\r\n            <div class=\"grid-line-inner\"><\/div>\r\n        <\/div>\r\n                <div class=\"grid-line fox-grid-item\">\r\n            <div class=\"grid-line-inner\"><\/div>\r\n        <\/div>\r\n        \r\n    <\/div><!-- .grid-lines -->\r\n\r\n        \r\n    <\/div><!-- .fox-blog -->\r\n    \r\n    <div class=\"el-pagination\"><div class=\"pagination-inner\"><span aria-current=\"page\" class=\"page-numbers current\"><span>1<\/span><\/span>\n<a class=\"page-numbers\" href=\"https:\/\/www.remgo.com\/11\/wp-json\/wp\/v2\/pages\/97197\/page\/2\/\"><span>2<\/span><\/a>\n<a class=\"next page-numbers\" href=\"https:\/\/www.remgo.com\/11\/wp-json\/wp\/v2\/pages\/97197\/page\/2\/\"><span>\u0130leri<\/span><\/a><\/div><\/div>    \r\n<\/div><!-- .fox-blog-container -->\r\n\r\n    \t\t\t\t<\/div>\n\t\t\t\t<\/div>\n\t\t\t\t\t<\/div>\n\t\t<\/div>\n\t\t\t\t\t<\/div>\n\t\t<\/section>\n\t\t\t\t<\/div>\n\t\t","protected":false},"excerpt":{"rendered":"<p>1993 Cumhuriyet Haberleri\u200b<\/p>\n","protected":false},"author":1,"featured_media":0,"parent":97888,"menu_order":0,"comment_status":"closed","ping_status":"closed","template":"","meta":{"footnotes":""},"class_list":["post-97197","page","type-page","status-publish","hentry"],"_links":{"self":[{"href":"https:\/\/www.remgo.com\/11\/wp-json\/wp\/v2\/pages\/97197","targetHints":{"allow":["GET"]}}],"collection":[{"href":"https:\/\/www.remgo.com\/11\/wp-json\/wp\/v2\/pages"}],"about":[{"href":"https:\/\/www.remgo.com\/11\/wp-json\/wp\/v2\/types\/page"}],"author":[{"embeddable":true,"href":"https:\/\/www.remgo.com\/11\/wp-json\/wp\/v2\/users\/1"}],"replies":[{"embeddable":true,"href":"https:\/\/www.remgo.com\/11\/wp-json\/wp\/v2\/comments?post=97197"}],"version-history":[{"count":0,"href":"https:\/\/www.remgo.com\/11\/wp-json\/wp\/v2\/pages\/97197\/revisions"}],"up":[{"embeddable":true,"href":"https:\/\/www.remgo.com\/11\/wp-json\/wp\/v2\/pages\/97888"}],"wp:attachment":[{"href":"https:\/\/www.remgo.com\/11\/wp-json\/wp\/v2\/media?parent=97197"}],"curies":[{"name":"wp","href":"https:\/\/api.w.org\/{rel}","templated":true}]}}