{"id":59568,"date":"2024-03-09T15:53:37","date_gmt":"2024-03-09T12:53:37","guid":{"rendered":"https:\/\/www.remgo.com\/11\/?page_id=59568"},"modified":"2026-02-04T12:46:06","modified_gmt":"2026-02-04T09:46:06","slug":"sevgili-istanbul","status":"publish","type":"page","link":"https:\/\/www.remgo.com\/11\/remzi_gokdag_kitaplar\/sevgili-istanbul\/","title":{"rendered":"Sevgili \u0130stanbul &#8211; Remzi G\u00f6kda\u011f"},"content":{"rendered":"\t\t<div data-elementor-type=\"wp-page\" data-elementor-id=\"59568\" class=\"elementor elementor-59568\" data-elementor-post-type=\"page\">\n\t\t\t\t\t\t<section class=\"elementor-section elementor-top-section elementor-element elementor-element-74bba132 elementor-section-boxed elementor-section-height-default elementor-section-height-default\" data-id=\"74bba132\" data-element_type=\"section\" data-e-type=\"section\">\n\t\t\t\t\t\t<div class=\"elementor-container elementor-column-gap-default\">\n\t\t\t\t\t<div class=\"elementor-column elementor-col-100 elementor-top-column elementor-element elementor-element-71244616\" data-id=\"71244616\" data-element_type=\"column\" data-e-type=\"column\">\n\t\t\t<div class=\"elementor-widget-wrap elementor-element-populated\">\n\t\t\t\t\t\t<div class=\"elementor-element elementor-element-3fe6fdf elementor-widget elementor-widget-spacer\" data-id=\"3fe6fdf\" data-element_type=\"widget\" data-e-type=\"widget\" data-widget_type=\"spacer.default\">\n\t\t\t\t<div class=\"elementor-widget-container\">\n\t\t\t\t\t\t\t<div class=\"elementor-spacer\">\n\t\t\t<div class=\"elementor-spacer-inner\"><\/div>\n\t\t<\/div>\n\t\t\t\t\t\t<\/div>\n\t\t\t\t<\/div>\n\t\t\t\t\t<\/div>\n\t\t<\/div>\n\t\t\t\t\t<\/div>\n\t\t<\/section>\n\t\t\t\t<section class=\"elementor-section elementor-top-section elementor-element elementor-element-a527a15 elementor-section-boxed elementor-section-height-default elementor-section-height-default\" data-id=\"a527a15\" data-element_type=\"section\" data-e-type=\"section\">\n\t\t\t\t\t\t<div class=\"elementor-container elementor-column-gap-default\">\n\t\t\t\t\t<div class=\"elementor-column elementor-col-100 elementor-top-column elementor-element elementor-element-efbad7b\" data-id=\"efbad7b\" data-element_type=\"column\" data-e-type=\"column\">\n\t\t\t<div class=\"elementor-widget-wrap elementor-element-populated\">\n\t\t\t\t\t\t<div class=\"elementor-element elementor-element-3470c02 elementor-widget elementor-widget-video\" data-id=\"3470c02\" data-element_type=\"widget\" data-e-type=\"widget\" data-settings=\"{&quot;youtube_url&quot;:&quot;https:\\\/\\\/www.youtube.com\\\/watch?v=rCBGZw9etAk&quot;,&quot;autoplay&quot;:&quot;yes&quot;,&quot;play_on_mobile&quot;:&quot;yes&quot;,&quot;video_type&quot;:&quot;youtube&quot;,&quot;controls&quot;:&quot;yes&quot;}\" data-widget_type=\"video.default\">\n\t\t\t\t<div class=\"elementor-widget-container\">\n\t\t\t\t\t\t\t<div class=\"elementor-wrapper elementor-open-inline\">\n\t\t\t<div class=\"elementor-video\"><\/div>\t\t<\/div>\n\t\t\t\t\t\t<\/div>\n\t\t\t\t<\/div>\n\t\t\t\t<div class=\"elementor-element elementor-element-ae50951 elementor-widget elementor-widget-text-editor\" data-id=\"ae50951\" data-element_type=\"widget\" data-e-type=\"widget\" data-widget_type=\"text-editor.default\">\n\t\t\t\t<div class=\"elementor-widget-container\">\n\t\t\t\t\t\t\t\t\t<p class=\"my-2 [&amp;+p]:mt-4 [&amp;_strong:has(+br)]:inline-block [&amp;_strong:has(+br)]:pb-2\"><strong>Eski \u0130stanbul\u2019dan Hat\u0131ralar \u2013 Ger\u00e7ek Hayat Hik\u00e2yeleri<\/strong><\/p><p>Bir kitap yazmak yazar\u0131n kendi i\u00e7ine yapt\u0131\u011f\u0131 bir yolculuktur; ancak Sevgili \u0130stanbul, benim i\u00e7in \u00e7ok daha fazlas\u0131, kay\u0131p bir \u015fehrin ruhunu ke\u015ffetme \u00e7abas\u0131 oldu. \u0130stanbul\u2019un o eski, s\u0131cak mahalle k\u00fclt\u00fcr\u00fcn\u00fcn yok olmaya y\u00fcz tutmas\u0131 i\u00e7imde bir s\u0131z\u0131ya d\u00f6n\u00fc\u015ft\u00fc\u011f\u00fcnde, ge\u00e7mi\u015fin izini s\u00fcrmek istiyordum. \u015eehri ger\u00e7ekten ya\u015fayan ve hisseden insanlarla bir araya gelmek amac\u0131m buydu.<\/p><p><strong>Bir Soruyla Ba\u015flayan Yolculuk<\/strong><\/p><p>G\u00f6r\u00fc\u015ft\u00fc\u011f\u00fcm herkese sordu\u011fum ilk soru\u00a0<em>\u201c\u00c7ocuklu\u011funuzdan neler hat\u0131rl\u0131yorsunuz?\u201d<\/em>\u00a0oldu. Bu basit soru; sadece eski g\u00fcnleri de\u011fil, o y\u0131llar\u0131n co\u015fkusunu, h\u00fczn\u00fcn\u00fc ve hayat\u0131n d\u00f6n\u00fcm noktalar\u0131n\u0131 da g\u00fcn y\u00fcz\u00fcne \u00e7\u0131kard\u0131. Dinledi\u011fim hik\u00e2yeler beni Sultanahmet\u2019in sokaklar\u0131ndan Ye\u015fil\u00e7am\u2019\u0131n \u0131\u015f\u0131lt\u0131l\u0131 y\u0131llar\u0131na, Nevizade\u2019nin sessiz ak\u015famlar\u0131ndan eski semtlerin masumiyetine kadar pek \u00e7ok farkl\u0131 ana g\u00f6t\u00fcrd\u00fc.<\/p><p><strong>Yirmi \u0130nsan, Yirmi Farkl\u0131 \u0130stanbul<\/strong><\/p><p>\u0130stanbul\u2019un beyefendileri ve han\u0131mefendileri; an\u0131lar\u0131n\u0131, k\u0131rg\u0131nl\u0131klar\u0131n\u0131 ve \u015fehre dair \u015fa\u015fk\u0131nl\u0131klar\u0131n\u0131 t\u00fcm i\u00e7tenlikleriyle payla\u015ft\u0131lar. Kitapta yer alan yirmi farkl\u0131 ses, \u0130stanbul\u2019un ge\u00e7irdi\u011fi b\u00fcy\u00fck de\u011fi\u015fimi kendi pencerelerinden anlatt\u0131. Kimisi bu d\u00f6n\u00fc\u015f\u00fcm\u00fc kabullendi, kimisi ise sitemle kar\u015f\u0131lad\u0131.<\/p><p>Sevgili \u0130stanbul, notlar\u0131m\u0131n aras\u0131nda biriken bu k\u0131ymetli seslerin birle\u015fmesiyle do\u011fdu. Kitaptaki her hik\u00e2ye; bu \u015fehrin ger\u00e7ek sokaklar\u0131nda, evlerinde ve sinemalar\u0131nda ya\u015fanm\u0131\u015f, \u0130stanbul\u2019un kalbini temsil eden ger\u00e7ek birer hat\u0131rad\u0131r.<\/p>\t\t\t\t\t\t\t\t<\/div>\n\t\t\t\t<\/div>\n\t\t\t\t<div class=\"elementor-element elementor-element-7b3d73d elementor-widget elementor-widget-testimonial\" data-id=\"7b3d73d\" data-element_type=\"widget\" data-e-type=\"widget\" data-widget_type=\"testimonial.default\">\n\t\t\t\t<div class=\"elementor-widget-container\">\n\t\t\t\t\t\t\t<div class=\"elementor-testimonial-wrapper\">\n\t\t\t\t\t\t\t<div class=\"elementor-testimonial-content\">Benim i\u00e7in Sevgili \u0130stanbul, sadece bir kitap yazma s\u00fcreci de\u011fil; sokaklar\u0131ndan yava\u015f yava\u015f silinen o eski nezaketin, o s\u0131cak mahalle ikliminin ve \u00e7ocukluk hat\u0131ralar\u0131m\u0131n pe\u015fine d\u00fc\u015ft\u00fc\u011f\u00fcm derin bir yolculuktu. Yedi ay s\u00fcren bu r\u00fcya maratonunun perde arkas\u0131n\u0131 payla\u015fmak istedim.<\/div>\n\t\t\t\n\t\t\t\t\t\t<div class=\"elementor-testimonial-meta\">\n\t\t\t\t<div class=\"elementor-testimonial-meta-inner\">\n\t\t\t\t\t\n\t\t\t\t\t\t\t\t\t\t<div class=\"elementor-testimonial-details\">\n\t\t\t\t\t\t\t\t\t\t\t\t\t\t<div class=\"elementor-testimonial-name\">REMZ\u0130 G\u00d6KDA\u011e<\/div>\n\t\t\t\t\t\t\t\t\t\t\t\t\t\t\t\t\t\t\t<\/div>\n\t\t\t\t\t\t\t\t\t<\/div>\n\t\t\t<\/div>\n\t\t\t\t\t<\/div>\n\t\t\t\t\t\t<\/div>\n\t\t\t\t<\/div>\n\t\t\t\t<div class=\"elementor-element elementor-element-82cf2c5 elementor-widget elementor-widget-text-editor\" data-id=\"82cf2c5\" data-element_type=\"widget\" data-e-type=\"widget\" data-widget_type=\"text-editor.default\">\n\t\t\t\t<div class=\"elementor-widget-container\">\n\t\t\t\t\t\t\t\t\t<h2>Yedi Ayl\u0131k Bir R\u00fcya Maratonu<\/h2><p>Bu yolculu\u011fun ba\u015flang\u0131c\u0131 pek de kolay olmad\u0131. \u0130stanbul\u2019u en iyi anlatan, \u015fehre ruhunu vermi\u015f do\u011fru isimleri bir araya getirmek uzun bir mesai gerektirdi. Kadro tamamland\u0131\u011f\u0131nda ya\u015fad\u0131\u011f\u0131m heyecan tarif edilemezdi.<\/p><p>Hasan Pulur ve Oktay Akbal gibi efsane isimlerle, sa\u011fl\u0131k sorunlar\u0131 nedeniyle hastanede olduklar\u0131 d\u00f6nemde telefonla g\u00f6r\u00fc\u015fmek zorunda kald\u0131m. \u015eehri binlerce kez yazm\u0131\u015f bu ustalara yeniden \u201c\u0130stanbul\u201du sorman\u0131n ba\u015fta zor olaca\u011f\u0131n\u0131 d\u00fc\u015f\u00fcnm\u00fc\u015ft\u00fcm; fakat onlar anlatmaya ba\u015flad\u0131\u011f\u0131nda her \u015fey do\u011fal bir ritme oturdu.<\/p><p><strong>\u0130lk Bulu\u015fmadan Son Hat\u0131raya<\/strong><\/p><p>Yedi ayl\u0131k maraton, 20 Ekim 2014\u2019te, sonbahar\u0131n serin r\u00fczgarlar\u0131 e\u015fli\u011finde R\u00fckn\u00fc \u00d6zk\u00f6k ile Kad\u0131k\u00f6y \u0130skelesi\u2019ndeki k\u00fc\u00e7\u00fck bir \u00e7ay bah\u00e7esinde ba\u015flad\u0131. 15 May\u0131s 2015\u2019te Yorgo Okumu\u015f ile yapt\u0131\u011f\u0131m son g\u00f6r\u00fc\u015fmeye kadar toplam 20 efsane isimle tan\u0131\u015ft\u0131m. Onlar\u0131n hayat hikayelerine dokunmak, benim i\u00e7in \u00f6mr\u00fcm\u00fcn en unutulmaz tecr\u00fcbesi oldu.<\/p><p><strong>Beklenmedik Bir Talihsizlik<\/strong><\/p><p>R\u00f6portajlar boyunca yan\u0131mdan ay\u0131rmad\u0131\u011f\u0131m \u00fc\u00e7 \u015fey vard\u0131: Ses kay\u0131t cihaz\u0131, foto\u011fraf makinesi ve not defteri. Ancak hayat bazen kar\u015f\u0131n\u0131za hi\u00e7 beklemedi\u011finiz engeller \u00e7\u0131kar\u0131yor. T\u00fcm kay\u0131tlar\u0131m\u0131 yedekledi\u011fim bellek ar\u0131zalan\u0131p \u00e7al\u0131\u015fmaz hale gelince, aylar s\u00fcren eme\u011fim bir anda yok olma tehlikesiyle kar\u015f\u0131 kar\u015f\u0131ya kald\u0131.<\/p><p>O an ya\u015fad\u0131\u011f\u0131m \u00e7aresizli\u011fi anlatmak imkans\u0131z. Elinizde yaln\u0131zca not defterinizdeki h\u0131zl\u0131 karalamalar kald\u0131\u011f\u0131nda, hik\u00e2ye art\u0131k sadece bir r\u00f6portaj olmaktan \u00e7\u0131k\u0131p \u00e7ok daha ki\u015fisel ve derin bir anlat\u0131ya d\u00f6n\u00fc\u015f\u00fcyor.<\/p><p><strong>\u0130stanbul\u2019un Ruhuyla Yeniden Bulu\u015fmak<\/strong><\/p><p>Ya\u015fad\u0131\u011f\u0131m teknik talihsizlikten sonra, elimdeki notlar benim i\u00e7in birer pusulaya d\u00f6n\u00fc\u015ft\u00fc. Kay\u0131tlar\u0131 telafi etmek i\u00e7in tozlu ar\u015fivlere ve eski gazete sayfalar\u0131na dald\u0131m; anlat\u0131lan her soka\u011f\u0131, her ismi tek tek ara\u015ft\u0131rd\u0131m. Yedi ay boyunca dinledi\u011fim o hik\u00e2yeleri \u0130stanbul\u2019un farkl\u0131 k\u00f6\u015felerinde; Ma\u00e7ka Park\u0131\u2019nda, S\u00fcleymaniye\u2019nin tarih kokan \u00e7ay bah\u00e7elerinde, Bo\u011faz\u2019\u0131n r\u00fczg\u00e2r\u0131nda ve Beyo\u011flu\u2019nun kalabal\u0131\u011f\u0131nda yeniden kaleme ald\u0131m. \u015eehrin o anki atmosferinin, kitab\u0131n her sat\u0131r\u0131na sindi\u011fine inan\u0131yorum.<\/p><p><strong>Mutfaktaki Destek ve Son Dokunu\u015f<\/strong><\/p><p>Yazma s\u00fcreci bitti\u011finde s\u0131ra d\u00fczeltmelere gelmi\u015fti. Bu a\u015famada en b\u00fcy\u00fck \u015fans\u0131m, hayat\u0131m\u0131n edit\u00f6r\u00fc olan e\u015fim Yelda\u2019yd\u0131. Onun titizli\u011fi ve bak\u0131\u015f a\u00e7\u0131s\u0131, kitaba son \u015feklini verdi. Kapak i\u00e7in ise kendi objektifimden \u00e7\u0131kan bir kareyi se\u00e7tim. Mart\u0131 ve Galata K\u00f6pr\u00fcs\u00fc. \u0130stanbul\u2019un bu iki sembol\u00fc, kitab\u0131n ruhunu en yal\u0131n haliyle yans\u0131t\u0131yordu. Ve nihayet, her \u015fey 2015 T\u00dcYAP Kitap Fuar\u0131\u2019na tam vaktinde yeti\u015fti.<\/p><p><strong>Bir \u015eehre Veda Mektubu<\/strong><\/p><p>Bu \u00e7al\u0131\u015fma s\u0131ras\u0131nda tan\u0131\u015ft\u0131\u011f\u0131m her insan bende silinmez izler b\u0131rakt\u0131. \u00c7o\u011fu art\u0131k aram\u0131zda olmasa da an\u0131lar\u0131 benimle ya\u015famaya devam ediyor. Geriye d\u00f6n\u00fcp bakt\u0131\u011f\u0131mda \u015funu g\u00f6r\u00fcyorum. \u0130stanbul, t\u0131pk\u0131 bu kitab\u0131n notlar\u0131 gibi zaman\u0131n i\u00e7inde s\u00fcz\u00fclen bir r\u00fcya m\u0131yd\u0131? Belki de bu kitap, hi\u00e7 geri gelmeyecek o eski g\u00fcnlere yaz\u0131lm\u0131\u015f bir veda mektubu, bir a\u011f\u0131tt\u0131\u2026 Ben de sadece bu a\u011f\u0131t\u0131 aktaran ki\u015fi oldum.<\/p><p>\u015eimdi bu sayfalar sizin ellerinizde. Onlar\u0131 okurken ge\u00e7mi\u015fin o huzurlu r\u00fcyas\u0131nda m\u0131 kaybolacaks\u0131n\u0131z, yoksa \u015fehrin bug\u00fcnk\u00fc sert ger\u00e7ekleriyle mi y\u00fczle\u015feceksiniz, bilmiyorum. Belki de t\u0131pk\u0131 \u0130stanbul\u2019un kendisi gibi, hem o b\u00fcy\u00fcl\u00fc r\u00fcyay\u0131 hem de bu keskin h\u00fczn\u00fc ayn\u0131 anda iliklerinize kadar hissedeceksiniz. Sizin zihninizdeki o \u2018Sevgili \u0130stanbul\u2019 hala bir yerlerde ya\u015f\u0131yor mu, yoksa o da sadece bu hik\u00e2yelerin i\u00e7inde mi kald\u0131?<\/p>\t\t\t\t\t\t\t\t<\/div>\n\t\t\t\t<\/div>\n\t\t\t\t\t<\/div>\n\t\t<\/div>\n\t\t\t\t\t<\/div>\n\t\t<\/section>\n\t\t\t\t<section class=\"elementor-section elementor-top-section elementor-element elementor-element-9a1214c elementor-section-boxed elementor-section-height-default elementor-section-height-default\" data-id=\"9a1214c\" data-element_type=\"section\" data-e-type=\"section\">\n\t\t\t\t\t\t<div class=\"elementor-container elementor-column-gap-default\">\n\t\t\t\t\t<div class=\"elementor-column elementor-col-50 elementor-top-column elementor-element elementor-element-3345e63\" data-id=\"3345e63\" data-element_type=\"column\" data-e-type=\"column\">\n\t\t\t<div class=\"elementor-widget-wrap elementor-element-populated\">\n\t\t\t\t\t\t<div class=\"elementor-element elementor-element-69d09b7 elementor-widget elementor-widget-image\" data-id=\"69d09b7\" data-element_type=\"widget\" data-e-type=\"widget\" data-widget_type=\"image.default\">\n\t\t\t\t<div class=\"elementor-widget-container\">\n\t\t\t\t\t\t\t\t\t\t\t\t<figure class=\"wp-caption\">\n\t\t\t\t\t\t\t\t\t\t<img loading=\"lazy\" decoding=\"async\" width=\"1140\" height=\"925\" src=\"https:\/\/www.remgo.com\/11\/wp-content\/uploads\/2015\/11\/kisiler2-1160x941.jpg\" class=\"attachment-large size-large wp-image-2595\" alt=\"\" srcset=\"https:\/\/www.remgo.com\/11\/wp-content\/uploads\/2015\/11\/kisiler2-1160x941.jpg 1160w, https:\/\/www.remgo.com\/11\/wp-content\/uploads\/2015\/11\/kisiler2-800x649.jpg 800w, https:\/\/www.remgo.com\/11\/wp-content\/uploads\/2015\/11\/kisiler2-60x49.jpg 60w, https:\/\/www.remgo.com\/11\/wp-content\/uploads\/2015\/11\/kisiler2.jpg 1200w\" sizes=\"auto, (max-width: 1140px) 100vw, 1140px\" title=\"\">\t\t\t\t\t\t\t\t\t\t\t<figcaption class=\"widget-image-caption wp-caption-text\">Hepsi bende unutulmaz an\u0131lar b\u0131rakt\u0131. Aradan y\u0131llar ge\u00e7ti ama onlarla konu\u015ftu\u011fumuz her an d\u00fcn gibi ayd\u0131nl\u0131k. Hepsinin hat\u0131ras\u0131 bende sonsuza dek ya\u015fayacak.<\/figcaption>\n\t\t\t\t\t\t\t\t\t\t<\/figure>\n\t\t\t\t\t\t\t\t\t<\/div>\n\t\t\t\t<\/div>\n\t\t\t\t\t<\/div>\n\t\t<\/div>\n\t\t\t\t<div class=\"elementor-column elementor-col-50 elementor-top-column elementor-element elementor-element-a5f8a75\" data-id=\"a5f8a75\" data-element_type=\"column\" data-e-type=\"column\" data-settings=\"{&quot;background_background&quot;:&quot;classic&quot;}\">\n\t\t\t<div class=\"elementor-widget-wrap elementor-element-populated\">\n\t\t\t\t\t\t<div class=\"elementor-element elementor-element-e36a156 elementor-widget elementor-widget-text-editor\" data-id=\"e36a156\" data-element_type=\"widget\" data-e-type=\"widget\" data-widget_type=\"text-editor.default\">\n\t\t\t\t<div class=\"elementor-widget-container\">\n\t\t\t\t\t\t\t\t\tTRT Kent Radyo\u2019nun konu\u011fu Sevgili \u0130stanbul&#8217;du. R\u00f6portaj\u0131\u00a0<span style=\"font-weight: bolder;\"><a href=\"https:\/\/www.remgo.com\/11\/trt-kent-radyo-istanbulun-konuguydu\/\">buradan<\/a><\/span>\u00a0okuyabilirsiniz.\n\n<iframe loading=\"lazy\" src=\"https:\/\/w.soundcloud.com\/player\/?url=https%3A\/\/api.soundcloud.com\/tracks\/262317978&amp;color=%23acacb4&amp;auto_play=false&amp;hide_related=false&amp;show_comments=true&amp;show_user=true&amp;show_reposts=false&amp;show_teaser=true\" width=\"100%\" height=\"166\" frameborder=\"no\" scrolling=\"no\" data-mce-fragment=\"1\"><\/iframe>\t\t\t\t\t\t\t\t<\/div>\n\t\t\t\t<\/div>\n\t\t\t\t<div class=\"elementor-element elementor-element-8b05cfc elementor-widget elementor-widget-text-editor\" data-id=\"8b05cfc\" data-element_type=\"widget\" data-e-type=\"widget\" data-widget_type=\"text-editor.default\">\n\t\t\t\t<div class=\"elementor-widget-container\">\n\t\t\t\t\t\t\t\t\tTRT Radyo 1\u2019de\u00a0<a style=\"background-color: #f4f4f4;\" href=\"https:\/\/www.remgo.com\/11\/sevgili-istanbul\/\" target=\"_blank\" rel=\"noopener noreferrer\">Sevgili \u0130stanbul<\/a>\u00a0kitab\u0131 hakk\u0131nda konu\u015ftuk. R\u00f6portaj\u00a0<span style=\"font-weight: bolder;\"><a href=\"https:\/\/www.remgo.com\/11\/sevgili-istanbul-trt-radyo1de\/\">burada<\/a><\/span>.\n\n<iframe loading=\"lazy\" src=\"https:\/\/w.soundcloud.com\/player\/?url=https%3A\/\/api.soundcloud.com\/tracks\/256636690&amp;color=%237c747c&amp;auto_play=false&amp;hide_related=false&amp;show_comments=true&amp;show_user=true&amp;show_reposts=false&amp;show_teaser=true\" width=\"100%\" height=\"166\" frameborder=\"no\" scrolling=\"no\" data-mce-fragment=\"1\"><\/iframe>\t\t\t\t\t\t\t\t<\/div>\n\t\t\t\t<\/div>\n\t\t\t\t\t<\/div>\n\t\t<\/div>\n\t\t\t\t\t<\/div>\n\t\t<\/section>\n\t\t\t\t<section class=\"elementor-section elementor-top-section elementor-element elementor-element-a850069 elementor-section-boxed elementor-section-height-default elementor-section-height-default\" data-id=\"a850069\" data-element_type=\"section\" data-e-type=\"section\">\n\t\t\t\t\t\t<div class=\"elementor-container elementor-column-gap-default\">\n\t\t\t\t\t<div class=\"elementor-column elementor-col-100 elementor-top-column elementor-element elementor-element-6caa857\" data-id=\"6caa857\" data-element_type=\"column\" data-e-type=\"column\" data-settings=\"{&quot;background_background&quot;:&quot;classic&quot;}\">\n\t\t\t<div class=\"elementor-widget-wrap elementor-element-populated\">\n\t\t\t\t\t\t<div class=\"elementor-element elementor-element-cffa80f elementor-widget elementor-widget-text-editor\" data-id=\"cffa80f\" data-element_type=\"widget\" data-e-type=\"widget\" data-widget_type=\"text-editor.default\">\n\t\t\t\t<div class=\"elementor-widget-container\">\n\t\t\t\t\t\t\t\t\t<h3 id=\"h-sevgili-istanbul-english\" class=\"wp-block-heading alignwide has-text-align-center\"><a href=\"https:\/\/www.remgo.com\/11\/dear-istanbul\/\">DEAR ISTANBUL (ENGLISH)<\/a><\/h3>\t\t\t\t\t\t\t\t<\/div>\n\t\t\t\t<\/div>\n\t\t\t\t\t<\/div>\n\t\t<\/div>\n\t\t\t\t\t<\/div>\n\t\t<\/section>\n\t\t\t\t<\/div>\n\t\t","protected":false},"excerpt":{"rendered":"<p>Sevgili \u0130stanbul adl\u0131 kitab\u0131m \u00e7\u0131kt\u0131. Kitapta \u0130stanbul\u2019daki de\u011fi\u015fimi, d\u00f6nemin tan\u0131\u011f\u0131 olan farkl\u0131 karakterler anlat\u0131yor, eski \u0130stanbul\u2019un unutulmaya y\u00fcz tutan g\u00fcnleri 20 ki\u015finin an\u0131lar\u0131yla yeniden canlan\u0131yor.<\/p>\n","protected":false},"author":1,"featured_media":58275,"parent":63110,"menu_order":2,"comment_status":"closed","ping_status":"closed","template":"","meta":{"footnotes":""},"class_list":["post-59568","page","type-page","status-publish","has-post-thumbnail","hentry"],"_links":{"self":[{"href":"https:\/\/www.remgo.com\/11\/wp-json\/wp\/v2\/pages\/59568","targetHints":{"allow":["GET"]}}],"collection":[{"href":"https:\/\/www.remgo.com\/11\/wp-json\/wp\/v2\/pages"}],"about":[{"href":"https:\/\/www.remgo.com\/11\/wp-json\/wp\/v2\/types\/page"}],"author":[{"embeddable":true,"href":"https:\/\/www.remgo.com\/11\/wp-json\/wp\/v2\/users\/1"}],"replies":[{"embeddable":true,"href":"https:\/\/www.remgo.com\/11\/wp-json\/wp\/v2\/comments?post=59568"}],"version-history":[{"count":0,"href":"https:\/\/www.remgo.com\/11\/wp-json\/wp\/v2\/pages\/59568\/revisions"}],"up":[{"embeddable":true,"href":"https:\/\/www.remgo.com\/11\/wp-json\/wp\/v2\/pages\/63110"}],"wp:featuredmedia":[{"embeddable":true,"href":"https:\/\/www.remgo.com\/11\/wp-json\/wp\/v2\/media\/58275"}],"wp:attachment":[{"href":"https:\/\/www.remgo.com\/11\/wp-json\/wp\/v2\/media?parent=59568"}],"curies":[{"name":"wp","href":"https:\/\/api.w.org\/{rel}","templated":true}]}}